{"id":13696,"date":"2021-04-20T00:00:00","date_gmt":"2021-04-20T04:00:00","guid":{"rendered":"https:\/\/cha-shc.ca\/?post_type=advocacy&#038;p=13696"},"modified":"2022-08-03T16:36:29","modified_gmt":"2022-08-03T20:36:29","slug":"respecter-les-droits-des-franco-ontariens-a-leducation-postsecondaire-en-francais","status":"publish","type":"advocacy","link":"https:\/\/cha-shc.ca\/fr\/advocacy\/respecter-les-droits-des-franco-ontariens-a-leducation-postsecondaire-en-francais\/","title":{"rendered":"Respecter les droits des Franco-Ontariens \u00e0 l\u2019\u00e9ducation postsecondaire en fran\u00e7ais"},"content":{"rendered":"<p>Montr\u00e9al | Ottawa, 19 avril 2021<\/p>\n<p>M. Doug Ford<br \/>\nPremier ministre de l\u2019Ontario<br \/>\nM. Ross Romano<br \/>\nMinistre des Coll\u00e8ges et Universit\u00e9s<\/p>\n<p>M. le Premier ministre Ford,<br \/>\nM. le ministre Ross Romano,<\/p>\n<p>L\u2019Institut d\u2019histoire de l\u2019Am\u00e9rique fran\u00e7aise* et la Soci\u00e9t\u00e9 historique du Canada** ont suivi avec stupeur et consternation le dossier de l\u2019Universit\u00e9 Laurentienne depuis quelques mois. L\u2019appel conjoint que nous avons lanc\u00e9 en f\u00e9vrier vous demandant d\u2019intervenir rapidement pour pr\u00e9server la mission de cette institution n\u2019a pas \u00e9t\u00e9 entendu. Le d\u00e9nouement, rendu public le 12 avril dernier, constitue une v\u00e9ritable trag\u00e9die pour le monde de l\u2019histoire et des sciences humaines, pour la grande communaut\u00e9 francophone de Sudbury, de l\u2019Ontario et du Canada, ainsi que pour l\u2019ensemble du monde universitaire.<\/p>\n<p>Depuis la cr\u00e9ation de l\u2019Universit\u00e9 Laurentienne en 1960, les professeurs et les chercheurs en histoire et en sciences humaines ont jou\u00e9 un r\u00f4le important dans l\u2019affirmation de la communaut\u00e9 franco-ontarienne. Ils l\u2019ont document\u00e9, ont accompagn\u00e9 son dynamisme. Ils ont \u00e9galement, \u00e0 titre d\u2019universitaires, contribu\u00e9 \u00e0 la vitalit\u00e9 de la recherche \u00e0 l\u2019\u00e9chelle du Canada. Le couperet brutal tomb\u00e9 cette semaine, abolissant 28 programmes en fran\u00e7ais, dont ceux de premier cycle en histoire en fran\u00e7ais, de second cycle en histoire en anglais et en fran\u00e7ais, en \u00e9tudes fran\u00e7aises, en philosophie, etc., est re\u00e7u \u00e0 la fois comme la n\u00e9gation de ces ann\u00e9es d\u2019efforts et comme un frein \u00e0 l\u2019espoir. Nous condamnons donc fermement la suppression de l\u2019ensemble de ces programmes et des postes qui les accompagnent.<\/p>\n<p>Nous sommes par ailleurs profond\u00e9ment choqu\u00e9s de la fa\u00e7on dont le corps professoral, le personnel et la communaut\u00e9 \u00e9tudiante de l\u2019Universit\u00e9 Laurentienne ont \u00e9t\u00e9 trait\u00e9s dans tout ce processus. Le recours \u00e0 la Loi sur les arrangements avec les cr\u00e9anciers pour \u00ab\u00a0restructurer\u00a0\u00bb l\u2019institution a permis des d\u00e9cisions prises \u00e0 huis clos, des cong\u00e9diements cavaliers, et la n\u00e9gation de la coll\u00e9gialit\u00e9 qui est au fondement m\u00eame du monde universitaire. Les informations qui nous parviennent depuis quelques jours d\u00e9montrent que l\u2019administration de l\u2019Universit\u00e9 Laurentienne a pris des d\u00e9cisions non avis\u00e9es au cours des dix derni\u00e8res ann\u00e9es, dans le contexte de baisses de financement et d\u2019une exigence de rentabilit\u00e9 qui, dans le monde du savoir, ne se justifient pas. Cette logique entrepreneuriale, fond\u00e9e sur la demande et la rentabilit\u00e9 des programmes, non seulement affecte de mani\u00e8re injuste et disproportionn\u00e9e la communaut\u00e9 franco-ontarienne, mais elle fragilise \u00e9galement la recherche et l\u2019enseignement universitaires en contexte r\u00e9gional. Plus largement, elle met en p\u00e9ril la mission premi\u00e8re de l\u2019universit\u00e9.<\/p>\n<p>Votre gouvernement se doit de respecter les droits des Franco-Ontariens \u00e0 l\u2019\u00e9ducation postsecondaire en fran\u00e7ais en assurant \u00e0 celle-ci un financement public ad\u00e9quat. Avec le plus faible investissement dans l\u2019\u00e9ducation postsecondaire par habitant au pays, le gouvernement de l\u2019Ontario est responsable de la crise dans laquelle l\u2019Universit\u00e9 Laurentienne a plong\u00e9 les \u00e9tudiant.e.s, les professeur.e.s et le personnel licenci\u00e9 outrageusement, ainsi que toute la communaut\u00e9 francophone de l\u2019Ontario.<\/p>\n<p>Cette crise sans pr\u00e9c\u00e9dent d\u00e9montre avec fracas que le bilinguisme institutionnel \u00e0 l\u2019Universit\u00e9 Laurentienne est un \u00e9chec. Il vous appartient d\u00e9sormais d\u2019agir en partenariat avec le gouvernement f\u00e9d\u00e9ral, qui affirme vouloir assumer son r\u00f4le de soutien des minorit\u00e9s linguistiques, afin d\u2019assurer que l\u2019Universit\u00e9 de Sudbury ait les moyens n\u00e9cessaires pour prendre la rel\u00e8ve et offrir un enseignement universitaire complet en fran\u00e7ais dans le Moyen Nord ontarien. Il s\u2019agit d\u2019une condition essentielle \u00e0 la vitalit\u00e9 et \u00e0 l\u2019\u00e9panouissement social, \u00e9conomique et culturel de la communaut\u00e9 franco-ontarienne.<\/p>\n<p>Cordialement,<\/p>\n<p>Brigitte Caulier<br \/>\nPr\u00e9sidente<br \/>\nL\u2019Insititut d\u2019histoire de l\u2019Am\u00e9rique fran\u00e7aise<\/p>\n<p>*L\u2019Institut d\u2019histoire de l\u2019Am\u00e9rique fran\u00e7aise, fond\u00e9 en 1946, est la principale association des historiennes et des historiens professionnels du Qu\u00e9bec et des sp\u00e9cialistes de l\u2019Am\u00e9rique fran\u00e7aise. L\u2019Institut regroupe professeurs, professionnels et amateurs d\u2019histoire provenant de toutes les r\u00e9gions du Canada et de l\u2019\u00e9tranger.<\/p>\n<p>Penny Bryden<br \/>\nPr\u00e9sidente<br \/>\nCanadian Historical Association|Soci\u00e9t\u00e9 historique du Canada<\/p>\n<p>**La Canadian Historical Association|Soci\u00e9t\u00e9 historique du Canada est la principale soci\u00e9t\u00e9 historique du Canada. Bilingue, elle se consacre, depuis 1922, \u00e0 la promotion de l&rsquo;\u00e9tude savante et de la diffusion de l&rsquo;histoire au Canada.<\/p>\n","protected":false},"featured_media":0,"template":"","meta":{"_acf_changed":false,"_seopress_robots_primary_cat":"","_seopress_titles_title":"","_seopress_titles_desc":"","_seopress_robots_index":"","_exactmetrics_skip_tracking":false,"_exactmetrics_sitenote_active":false,"_exactmetrics_sitenote_note":"","_exactmetrics_sitenote_category":0,"site-sidebar-layout":"default","site-content-layout":"default","ast-site-content-layout":"default","site-content-style":"default","site-sidebar-style":"default","ast-global-header-display":"","ast-banner-title-visibility":"","ast-main-header-display":"","ast-hfb-above-header-display":"","ast-hfb-below-header-display":"","ast-hfb-mobile-header-display":"","site-post-title":"","ast-breadcrumbs-content":"","ast-featured-img":"","footer-sml-layout":"","ast-disable-related-posts":"","theme-transparent-header-meta":"default","adv-header-id-meta":"","stick-header-meta":"","header-above-stick-meta":"","header-main-stick-meta":"","header-below-stick-meta":"","astra-migrate-meta-layouts":"default","ast-page-background-enabled":"default","ast-page-background-meta":{"desktop":{"background-color":"var(--ast-global-color-4)","background-image":"","background-repeat":"repeat","background-position":"center center","background-size":"auto","background-attachment":"scroll","background-type":"","background-media":"","overlay-type":"","overlay-color":"","overlay-opacity":"","overlay-gradient":""},"tablet":{"background-color":"","background-image":"","background-repeat":"repeat","background-position":"center center","background-size":"auto","background-attachment":"scroll","background-type":"","background-media":"","overlay-type":"","overlay-color":"","overlay-opacity":"","overlay-gradient":""},"mobile":{"background-color":"","background-image":"","background-repeat":"repeat","background-position":"center center","background-size":"auto","background-attachment":"scroll","background-type":"","background-media":"","overlay-type":"","overlay-color":"","overlay-opacity":"","overlay-gradient":""}},"ast-content-background-meta":{"desktop":{"background-color":"var(--ast-global-color-5)","background-image":"","background-repeat":"repeat","background-position":"center center","background-size":"auto","background-attachment":"scroll","background-type":"","background-media":"","overlay-type":"","overlay-color":"","overlay-opacity":"","overlay-gradient":""},"tablet":{"background-color":"var(--ast-global-color-5)","background-image":"","background-repeat":"repeat","background-position":"center center","background-size":"auto","background-attachment":"scroll","background-type":"","background-media":"","overlay-type":"","overlay-color":"","overlay-opacity":"","overlay-gradient":""},"mobile":{"background-color":"var(--ast-global-color-5)","background-image":"","background-repeat":"repeat","background-position":"center center","background-size":"auto","background-attachment":"scroll","background-type":"","background-media":"","overlay-type":"","overlay-color":"","overlay-opacity":"","overlay-gradient":""}}},"class_list":["post-13696","advocacy","type-advocacy","status-publish","hentry"],"acf":[],"publishpress_future_workflow_manual_trigger":{"enabledWorkflows":[]},"_links":{"self":[{"href":"https:\/\/cha-shc.ca\/fr\/wp-json\/wp\/v2\/advocacy\/13696","targetHints":{"allow":["GET"]}}],"collection":[{"href":"https:\/\/cha-shc.ca\/fr\/wp-json\/wp\/v2\/advocacy"}],"about":[{"href":"https:\/\/cha-shc.ca\/fr\/wp-json\/wp\/v2\/types\/advocacy"}],"wp:attachment":[{"href":"https:\/\/cha-shc.ca\/fr\/wp-json\/wp\/v2\/media?parent=13696"}],"curies":[{"name":"wp","href":"https:\/\/api.w.org\/{rel}","templated":true}]}}