{"id":13697,"date":"2021-02-09T00:00:00","date_gmt":"2021-02-09T05:00:00","guid":{"rendered":"https:\/\/cha-shc.ca\/?post_type=advocacy&#038;p=13697"},"modified":"2022-08-03T16:30:09","modified_gmt":"2022-08-03T20:30:09","slug":"preserver-la-mission-de-luniversite-laurentienne","status":"publish","type":"advocacy","link":"https:\/\/cha-shc.ca\/fr\/advocacy\/preserver-la-mission-de-luniversite-laurentienne\/","title":{"rendered":"Pr\u00e9server la mission de l\u2019Universit\u00e9 Laurentienne"},"content":{"rendered":"<p>Montr\u00e9al | Ottawa, 9 f\u00e9vrier 2021<\/p>\n<p>\u00c0 l\u2019attention de M. Doug Ford<br \/>\nPremier ministre de l\u2019Ontario,<\/p>\n<p>M. le Premier ministre Ford,<\/p>\n<p>La Soci\u00e9t\u00e9 historique du Canada et l\u2019Institut d\u2019histoire de l\u2019Am\u00e9rique fran\u00e7aise s\u2019allient aujourd\u2019hui pour d\u00e9noncer la logique marchande mise de l\u2019avant dans le processus de restructuration de l\u2019Universit\u00e9 Laurentienne. En proposant de r\u00e9duire le nombre de programmes offerts et le nombre de postes de professeurs en fonction de la fr\u00e9quentation \u00e9tudiante de ces programmes, cette restructuration menace la mission m\u00eame de l\u2019Universit\u00e9\u00a0Laurentienne, reconnue comme moteur de d\u00e9veloppement r\u00e9gional et c\u0153ur de la communaut\u00e9 franco-ontarienne du Moyen-Nord.<\/p>\n<p>En tant qu\u2019institution d\u2019enseignement sup\u00e9rieur bilingue en milieu r\u00e9gional, la rentabilit\u00e9 des programmes offerts \u00e0 l\u2019Universit\u00e9\u00a0Laurentienne ne peut se mesurer uniquement en fonction du nombre d\u2019admissions. L\u2019enseignement des programmes en Lettres et Humanit\u00e9s, ainsi que l\u2019enseignement en fran\u00e7ais sont des composantes essentielles au rayonnement culturel et \u00e9conomique de la r\u00e9gion du grand Sudbury. En tant que lieu de recherche et d\u2019enseignement en fran\u00e7ais, l\u2019Universit\u00e9 Laurentienne est un pilier du dynamisme de la r\u00e9gion et de la vitalit\u00e9 de la communaut\u00e9 franco-ontarienne en contexte minoritaire.<\/p>\n<p>Elle m\u00e9rite d\u2019avoir les moyens de poursuivre cette mission. Or, force est de constater que depuis les 15 derni\u00e8res ann\u00e9es, l\u2019institution accuse un d\u00e9ficit croissant, avoisinant aujourd\u2019hui les 25 millions de dollars. Situation, on s\u2019en doute, aggrav\u00e9e par la pand\u00e9mie de Covid-19.<\/p>\n<p>Il est primordial que votre gouvernement s\u2019engage \u00e0 pr\u00e9server l\u2019acc\u00e8s \u00e0 l\u2019\u00e9ducation post-secondaire en fran\u00e7ais en Ontario en bonifiant le financement universitaire. Afin d\u2019\u00e9viter que l\u2019Universit\u00e9 ne soit mise devant l\u2019obligation financi\u00e8re de couper dans ses programmes en fonction de la fr\u00e9quentation \u00e9tudiante, votre gouvernement doit faire mieux en mati\u00e8re de financement public. Avec le plus faible investissement dans l\u2019\u00e9ducation post-secondaire per capita au pays, le gouvernement de l\u2019Ontario a contribu\u00e9 \u00e0 cr\u00e9er la crise financi\u00e8re dans laquelle se trouve l\u2019Universit\u00e9 Laurentienne.<\/p>\n<p>Nous appelons donc votre gouvernement \u00e0 respecter les francophones et les francophiles de la province en finan\u00e7ant ad\u00e9quatement l\u2019Universit\u00e9 Laurentienne. \u00c0 cette fin, nous mettrons \u00e0 contribution la voix de nos membres et du grand public en leur demandant de partager cette lettre que nous rendrons publique, et nous les inciterons \u00e0\u00a0<a title=\"CHA Affiliates\" href=\"https:\/\/correspondence.premier.gov.on.ca\/EN\/feedback\/default.aspx\">communiquer directement leurs pr\u00e9occupations \u00e0 votre administration<\/a>. Nous esp\u00e9rons que vous reconsid\u00e9rerez votre soutien \u00e0 cette institution de premi\u00e8re importance.<\/p>\n<p>En vous priant de recevoir, M. Ford, nos salutations distingu\u00e9es,<\/p>\n<p>Penny Bryden\u00a0\u00a0\u00a0\u00a0\u00a0\u00a0\u00a0\u00a0\u00a0\u00a0\u00a0\u00a0\u00a0\u00a0\u00a0\u00a0\u00a0\u00a0\u00a0\u00a0\u00a0\u00a0\u00a0\u00a0\u00a0\u00a0\u00a0\u00a0\u00a0\u00a0\u00a0\u00a0\u00a0\u00a0\u00a0\u00a0\u00a0\u00a0\u00a0\u00a0\u00a0\u00a0\u00a0\u00a0\u00a0\u00a0\u00a0\u00a0\u00a0 Brigitte Caulier<br \/>\nPr\u00e9sidente\u00a0\u00a0\u00a0\u00a0\u00a0\u00a0\u00a0\u00a0\u00a0\u00a0\u00a0\u00a0\u00a0\u00a0\u00a0\u00a0\u00a0\u00a0\u00a0\u00a0\u00a0\u00a0\u00a0\u00a0\u00a0\u00a0\u00a0\u00a0\u00a0\u00a0\u00a0\u00a0\u00a0\u00a0\u00a0\u00a0\u00a0\u00a0\u00a0\u00a0\u00a0\u00a0\u00a0\u00a0\u00a0\u00a0\u00a0\u00a0\u00a0\u00a0\u00a0\u00a0\u00a0\u00a0\u00a0 Pr\u00e9sidente<br \/>\nSoci\u00e9t\u00e9 Historique du Canada\u00a0 \u00a0 \u00a0 \u00a0 \u00a0 \u00a0 \u00a0 \u00a0 \u00a0 \u00a0 Institut d\u2019histoire de l\u2019Am\u00e9rique fran\u00e7aise<\/p>\n","protected":false},"featured_media":0,"template":"","meta":{"_acf_changed":false,"_seopress_robots_primary_cat":"","_seopress_titles_title":"","_seopress_titles_desc":"","_seopress_robots_index":"","_exactmetrics_skip_tracking":false,"_exactmetrics_sitenote_active":false,"_exactmetrics_sitenote_note":"","_exactmetrics_sitenote_category":0,"site-sidebar-layout":"default","site-content-layout":"default","ast-site-content-layout":"default","site-content-style":"default","site-sidebar-style":"default","ast-global-header-display":"","ast-banner-title-visibility":"","ast-main-header-display":"","ast-hfb-above-header-display":"","ast-hfb-below-header-display":"","ast-hfb-mobile-header-display":"","site-post-title":"","ast-breadcrumbs-content":"","ast-featured-img":"","footer-sml-layout":"","ast-disable-related-posts":"","theme-transparent-header-meta":"default","adv-header-id-meta":"","stick-header-meta":"","header-above-stick-meta":"","header-main-stick-meta":"","header-below-stick-meta":"","astra-migrate-meta-layouts":"default","ast-page-background-enabled":"default","ast-page-background-meta":{"desktop":{"background-color":"var(--ast-global-color-4)","background-image":"","background-repeat":"repeat","background-position":"center center","background-size":"auto","background-attachment":"scroll","background-type":"","background-media":"","overlay-type":"","overlay-color":"","overlay-opacity":"","overlay-gradient":""},"tablet":{"background-color":"","background-image":"","background-repeat":"repeat","background-position":"center center","background-size":"auto","background-attachment":"scroll","background-type":"","background-media":"","overlay-type":"","overlay-color":"","overlay-opacity":"","overlay-gradient":""},"mobile":{"background-color":"","background-image":"","background-repeat":"repeat","background-position":"center center","background-size":"auto","background-attachment":"scroll","background-type":"","background-media":"","overlay-type":"","overlay-color":"","overlay-opacity":"","overlay-gradient":""}},"ast-content-background-meta":{"desktop":{"background-color":"var(--ast-global-color-5)","background-image":"","background-repeat":"repeat","background-position":"center center","background-size":"auto","background-attachment":"scroll","background-type":"","background-media":"","overlay-type":"","overlay-color":"","overlay-opacity":"","overlay-gradient":""},"tablet":{"background-color":"var(--ast-global-color-5)","background-image":"","background-repeat":"repeat","background-position":"center center","background-size":"auto","background-attachment":"scroll","background-type":"","background-media":"","overlay-type":"","overlay-color":"","overlay-opacity":"","overlay-gradient":""},"mobile":{"background-color":"var(--ast-global-color-5)","background-image":"","background-repeat":"repeat","background-position":"center center","background-size":"auto","background-attachment":"scroll","background-type":"","background-media":"","overlay-type":"","overlay-color":"","overlay-opacity":"","overlay-gradient":""}}},"class_list":["post-13697","advocacy","type-advocacy","status-publish","hentry"],"acf":[],"publishpress_future_workflow_manual_trigger":{"enabledWorkflows":[]},"_links":{"self":[{"href":"https:\/\/cha-shc.ca\/fr\/wp-json\/wp\/v2\/advocacy\/13697","targetHints":{"allow":["GET"]}}],"collection":[{"href":"https:\/\/cha-shc.ca\/fr\/wp-json\/wp\/v2\/advocacy"}],"about":[{"href":"https:\/\/cha-shc.ca\/fr\/wp-json\/wp\/v2\/types\/advocacy"}],"wp:attachment":[{"href":"https:\/\/cha-shc.ca\/fr\/wp-json\/wp\/v2\/media?parent=13697"}],"curies":[{"name":"wp","href":"https:\/\/api.w.org\/{rel}","templated":true}]}}