{"id":14329,"date":"2022-08-15T15:04:57","date_gmt":"2022-08-15T19:04:57","guid":{"rendered":"https:\/\/cha-shc.ca\/?page_id=14329"},"modified":"2022-08-15T15:30:32","modified_gmt":"2022-08-15T19:30:32","slug":"la-rubrique-histoire-avril-2021","status":"publish","type":"page","link":"https:\/\/cha-shc.ca\/fr\/publications\/la-rubrique-histoire-le-bulletin-dinformation-numerique-de-la-shc\/la-rubrique-histoire-avril-2021\/","title":{"rendered":"La rubrique Histoire &#8211; avril 2021"},"content":{"rendered":"<p><img fetchpriority=\"high\" decoding=\"async\" src=\"https:\/\/cha-shc.ca\/wp-content\/uploads\/2022\/08\/6065e06049385.jpg\" alt=\"Banner 2.2\" width=\"750\" height=\"151\" \/><\/p>\n<p><strong><a title=\"Final - #2.2\" href=\"https:\/\/cha-shc.ca\/wp-content\/uploads\/2022\/08\/60660cfeb1651.pdf\">PDF<\/a><\/strong><\/p>\n<p><strong>ACTUALIT\u00c9S<\/strong><\/p>\n<p><strong><img decoding=\"async\" src=\"https:\/\/cha-shc.ca\/wp-content\/uploads\/2022\/08\/5fc660e3367cf.png\" alt=\"UQ\u00c0M\" width=\"200\" height=\"133\" \/>Universit\u00e9 du Qu\u00e9bec \u00e0 Montr\u00e9al<\/strong>. Le professeur\u00a0<strong>Pierre-Olivier Ouellet<\/strong>\u00a0(UQ\u00c0M) lance un\u00a0<a title=\"CHA Affiliates\" href=\"https:\/\/cha-shc.ca\/nouvelles\/appel-a-communication-etudes-et-exercices-polysemiques-autour-dune-uvre-la-france-apportant-la-foi-aux-wendat-de-la-nouvelle-france-2021-03-26.htm\">appel \u00e0 communication<\/a>\u00a0: \u00ab\u00a0\u00c9tudes et exercices polys\u00e9miques autour d\u2019une \u0153uvre\u00a0: La France apportant la foi aux Wendat de la Nouvelle-France\u00a0\u00bb<\/p>\n<p>Colloque international bilingue (fran\u00e7ais et anglais), le 29 octobre, \u00e0 l\u2019UQ\u00c0M. Les propositions de communication (400 mots), en fran\u00e7ais ou en anglais, devront \u00eatre accompagn\u00e9es d\u2019une biographie succincte (150 mots) et envoy\u00e9es avant le 31 mai 2021 \u00e0\u00a0:\u00a0<a href=\"mailto:ouellet.pierre-olivier@uqam.ca\">ouellet.pierre-olivier@uqam.ca<\/a>\u00a0et\u00a0<a href=\"mailto:longtin.marianne.2@courrier.uqam.ca\">longtin.marianne.2@courrier.uqam.ca<\/a>. \u00c0 la suite du colloque, les conf\u00e9renciers seront convi\u00e9s \u00e0 soumettre leur communication en pr\u00e9vision d\u2019une publication.<\/p>\n<p>&nbsp;<\/p>\n<p><img decoding=\"async\" src=\"https:\/\/cha-shc.ca\/wp-content\/uploads\/2022\/08\/6065f1c56ccc3.jpg\" alt=\"Burrows\" width=\"200\" \/><br \/>\n<strong>Le CRIDAQ\u00a0<\/strong>et le<strong>\u00a0Centre interuniversitaire d\u2019\u00e9tudes et de recherches autochtones<\/strong>\u00a0(CI\u00c9RA) organisent un colloque virtuel sur l\u2019\u00e9volution de la place des traditions juridiques autochtones au Canada depuis la publication de l\u2019ouvrage de John Borrows Canada\u2019s Indigenous Constitution. Le Colloque John Borrows: \u00ab\u00a0<a title=\"CHA Affiliates\" href=\"https:\/\/cridaq.uqam.ca\/johnborrows\/?fbclid=IwAR3juLvWGdLzDWAz2cM9pV0ABFCzZGOMAk9GBWQ_Ctf4dP5EU8bNTxqEauM\">La Constitution autochtone du Canada<\/a>\u00a0\u00bb a lieu du 8 au 9 avril 2021.<\/p>\n<p><img decoding=\"async\" src=\"https:\/\/cha-shc.ca\/wp-content\/uploads\/2022\/08\/5efa1f60b30d7.jpg\" alt=\"Sherbrooke\" width=\"200\" height=\"34\" \/>Le professeur\u00a0<strong>Pierre H\u00e9bert<\/strong>\u00a0(U. Sherbrooke) tient un lancement virtuel pour son livre\u00a0<a title=\"CHA Affiliates\" href=\"https:\/\/www.pulaval.com\/produit\/vie-s-d-eugene-seers-louis-dantin-une-biochronique-litteraire\"><em>Vie(s) d\u2019Eug\u00e8ne Seers\/Louis Dantin\u00a0: Une biochronique litt\u00e9raire<\/em><\/a>\u00a0(Presses de l\u2019Universit\u00e9 Laval) le 23 avril 2021. L&rsquo;auteur, sera accompagn\u00e9 de la documentariste St\u00e9phanie Lanthier pour discuter d&rsquo;Eug\u00e8ne Seers, cet homme qui a marqu\u00e9 la litt\u00e9rature qu\u00e9b\u00e9coise par son influence.<\/p>\n<p><img loading=\"lazy\" decoding=\"async\" src=\"https:\/\/cha-shc.ca\/wp-content\/uploads\/2022\/08\/5fc661a43d50a.png\" alt=\"UdeM\" width=\"200\" height=\"81\" \/><br \/>\nLe XXIVe\u00a0Colloque de l&rsquo;<strong>A\u00c9DDHUM<\/strong>, intitul\u00e9\u00a0<a title=\"CHA Affiliates\" href=\"https:\/\/histoire.umontreal.ca\/recherche\/colloque-aeddhum\/\">Conceptualiser la violence : une exploration de ses repr\u00e9sentations et dynamiques<\/a>, a eu lieu du 29 au 31 mars 2017. Pour plus de d\u00e9tails sur les colloques pass\u00e9s, et pour savoir comment participer au prochain \u00e9v\u00e9nement, consultez\u00a0la page Facebook du colloque.<\/p>\n<p>&nbsp;<\/p>\n<p><img loading=\"lazy\" decoding=\"async\" src=\"https:\/\/cha-shc.ca\/wp-content\/uploads\/2022\/08\/5fc6612fdf61e.png\" alt=\"UQTR\" width=\"200\" height=\"92\" \/>Une conf\u00e9rence dur La la\u00efcit\u00e9 de l\u2019\u00c9tat\u00a0: un imp\u00e9ratif d\u00e9mocratique. La loi 21 \u00e0 l\u2019\u00e9preuve des tribunaux est organis\u00e9e par la professeure\u00a0<strong>Lucia Ferretti<\/strong>\u00a0(UQTR).<br \/>\nPar la Loi sur la la\u00efcit\u00e9 de l\u2019\u00c9tat (loi 21), le Qu\u00e9bec affirme dans une loi fondamentale le principe de la\u00efcit\u00e9, socle d\u2019une soci\u00e9t\u00e9 pluraliste. La contestation judiciaire est enclench\u00e9e. Dans ce contexte, la recherche savante permet d\u2019expliciter en quoi la la\u00efcit\u00e9 de l\u2019\u00c9tat \u00ab rel\u00e8ve d\u2019un imp\u00e9ratif d\u00e9mocratique \u00bb, selon les termes de la Cour supr\u00eame du Canada. La journ\u00e9e d\u2019\u00e9tudes sera l\u2019occasion d\u2019approfondir la r\u00e9flexion sous l\u2019angle de l\u2019histoire, de la sociologie, du droit, de la science politique, de la philosophie et de la communication. Pour les intervenants, le Qu\u00e9bec a la l\u00e9gitimit\u00e9 de faire ses propres choix et d\u2019encadrer \u00e0 sa mani\u00e8re les rapports entre les religions et l\u2019\u00c9tat.<\/p>\n<p>Intervenants:\u00a0<strong>Normand Baillargeon, Marc Chevrier, Yasmina Chouakri, Lucia Ferretti, Charles-\u00c9tienne Gill, Micheline Labelle, Julie Latour, Fran\u00e7ois Rocher, Guillaume Rousseau, Paul Sabourin, Patrick Taillon, Daniel Turp<\/strong>. Pour inscription gratuite: \u00a0<a href=\"https:\/\/uqtr.zoom.us\/meeting\/register\/tZ0rdeiuqTMtE9zpFlU4hLGlh6p6t5P7CS0Q\">https:\/\/uqtr.zoom.us\/meeting\/register\/tZ0rdeiuqTMtE9zpFlU4hLGlh6p6t5P7CS0Q<\/a>.<\/p>\n<p><strong>PUBLICATIONS<\/strong><\/p>\n<p><img loading=\"lazy\" decoding=\"async\" src=\"https:\/\/cha-shc.ca\/wp-content\/uploads\/2022\/08\/6065f338294a3.jpg\" alt=\"H\u00e9bert\" width=\"100\" height=\"150\" \/>\u00a0<img loading=\"lazy\" decoding=\"async\" src=\"https:\/\/cha-shc.ca\/wp-content\/uploads\/2022\/08\/6065ef94319da.jpg\" alt=\"Labrecque fran\u00e7ais\" width=\"100\" height=\"150\" \/>\u00a0<img loading=\"lazy\" decoding=\"async\" src=\"https:\/\/cha-shc.ca\/wp-content\/uploads\/2022\/08\/6065efb8d756b.jpg\" alt=\"Marcel\" width=\"100\" height=\"150\" \/><\/p>\n<p><strong>Claire Labrecque<\/strong>, \u00ab\u00a0Sc\u00e9nographie du portail flamboyant des \u00e9glises du Nord-Est de la France et \u00e9vocation du pass\u00e9\u00a0\u00bb (pp.428-453) dans\u00a0<a title=\"CHA Affiliates\" href=\"http:\/\/www.septentrion.com\/fr\/livre\/?GCOI=27574100919700\"><em>L&rsquo;architecture flamboyante en France. Autour de Roland Sanfa\u00e7on<\/em><\/a>,\u00a0Ed. by Diane Daussy, Presses universitaires du Septentrion, 2020.<\/p>\n<p><strong>Joel Belliveau\u00a0<\/strong>et<strong>\u00a0Marcel Martel,\u00a0<\/strong>avec la collaboration de<strong>\u00a0Marc-Andr\u00e9 Gagnon, Dominique Laporte, Serge Miville\u00a0<\/strong>et<strong>\u00a0Michael Poplyansky<\/strong>,\u00a0<a title=\"CHA Affiliates\" href=\"https:\/\/www.editionsboreal.qc.ca\/catalogue\/livres\/entre-solitudes-rejouissances-2776.html\"><em>Entre solitudes et r\u00e9jouissances\u00a0: les francophones et les f\u00eates nationales (1834-1982)<\/em><\/a>. Les \u00c9ditions du Bor\u00e9al, 2021. Pourquoi f\u00eater sa nationalit\u00e9? Pourquoi comm\u00e9morer la naissance d\u2019un pays? Cet ouvrage analyse les origines et l\u2019\u00e9volution de six f\u00eates nationales au Canada: la Saint-Jean-Baptiste, la f\u00eate de la reine Victoria, la f\u00eate de l\u2019Empire, la f\u00eate de Dollard, la f\u00eate de la Conf\u00e9d\u00e9ration (future f\u00eate du Canada) et l\u2019Assomption.<\/p>\n","protected":false},"excerpt":{"rendered":"<p>PDF ACTUALIT\u00c9S Universit\u00e9 du Qu\u00e9bec \u00e0 Montr\u00e9al. Le professeur\u00a0Pierre-Olivier Ouellet\u00a0(UQ\u00c0M) lance un\u00a0appel \u00e0 communication\u00a0: \u00ab\u00a0\u00c9tudes et exercices polys\u00e9miques autour d\u2019une \u0153uvre\u00a0: La France apportant la foi aux Wendat de la Nouvelle-France\u00a0\u00bb Colloque international bilingue (fran\u00e7ais et anglais), le 29 octobre, \u00e0 l\u2019UQ\u00c0M. Les propositions de communication (400 mots), en fran\u00e7ais ou en anglais, devront \u00eatre [&hellip;]<\/p>\n","protected":false},"author":1,"featured_media":0,"parent":14581,"menu_order":23,"comment_status":"closed","ping_status":"closed","template":"","meta":{"_acf_changed":false,"_seopress_robots_primary_cat":"","_seopress_titles_title":"","_seopress_titles_desc":"","_seopress_robots_index":"","_exactmetrics_skip_tracking":false,"_exactmetrics_sitenote_active":false,"_exactmetrics_sitenote_note":"","_exactmetrics_sitenote_category":0,"site-sidebar-layout":"default","site-content-layout":"default","ast-site-content-layout":"default","site-content-style":"default","site-sidebar-style":"default","ast-global-header-display":"","ast-banner-title-visibility":"","ast-main-header-display":"","ast-hfb-above-header-display":"","ast-hfb-below-header-display":"","ast-hfb-mobile-header-display":"","site-post-title":"","ast-breadcrumbs-content":"","ast-featured-img":"","footer-sml-layout":"","ast-disable-related-posts":"","theme-transparent-header-meta":"default","adv-header-id-meta":"","stick-header-meta":"","header-above-stick-meta":"","header-main-stick-meta":"","header-below-stick-meta":"","astra-migrate-meta-layouts":"default","ast-page-background-enabled":"default","ast-page-background-meta":{"desktop":{"background-color":"var(--ast-global-color-4)","background-image":"","background-repeat":"repeat","background-position":"center center","background-size":"auto","background-attachment":"scroll","background-type":"","background-media":"","overlay-type":"","overlay-color":"","overlay-opacity":"","overlay-gradient":""},"tablet":{"background-color":"","background-image":"","background-repeat":"repeat","background-position":"center center","background-size":"auto","background-attachment":"scroll","background-type":"","background-media":"","overlay-type":"","overlay-color":"","overlay-opacity":"","overlay-gradient":""},"mobile":{"background-color":"","background-image":"","background-repeat":"repeat","background-position":"center center","background-size":"auto","background-attachment":"scroll","background-type":"","background-media":"","overlay-type":"","overlay-color":"","overlay-opacity":"","overlay-gradient":""}},"ast-content-background-meta":{"desktop":{"background-color":"var(--ast-global-color-5)","background-image":"","background-repeat":"repeat","background-position":"center center","background-size":"auto","background-attachment":"scroll","background-type":"","background-media":"","overlay-type":"","overlay-color":"","overlay-opacity":"","overlay-gradient":""},"tablet":{"background-color":"var(--ast-global-color-5)","background-image":"","background-repeat":"repeat","background-position":"center center","background-size":"auto","background-attachment":"scroll","background-type":"","background-media":"","overlay-type":"","overlay-color":"","overlay-opacity":"","overlay-gradient":""},"mobile":{"background-color":"var(--ast-global-color-5)","background-image":"","background-repeat":"repeat","background-position":"center center","background-size":"auto","background-attachment":"scroll","background-type":"","background-media":"","overlay-type":"","overlay-color":"","overlay-opacity":"","overlay-gradient":""}},"footnotes":""},"page_template":[239],"class_list":["post-14329","page","type-page","status-publish","hentry","page_template-sidebar-fr"],"acf":[],"publishpress_future_action":{"enabled":false,"date":"2026-05-04 15:00:24","action":"change-status","newStatus":"draft","terms":[],"taxonomy":"page_template","extraData":[]},"publishpress_future_workflow_manual_trigger":{"enabledWorkflows":[]},"_links":{"self":[{"href":"https:\/\/cha-shc.ca\/fr\/wp-json\/wp\/v2\/pages\/14329","targetHints":{"allow":["GET"]}}],"collection":[{"href":"https:\/\/cha-shc.ca\/fr\/wp-json\/wp\/v2\/pages"}],"about":[{"href":"https:\/\/cha-shc.ca\/fr\/wp-json\/wp\/v2\/types\/page"}],"author":[{"embeddable":true,"href":"https:\/\/cha-shc.ca\/fr\/wp-json\/wp\/v2\/users\/1"}],"replies":[{"embeddable":true,"href":"https:\/\/cha-shc.ca\/fr\/wp-json\/wp\/v2\/comments?post=14329"}],"version-history":[{"count":1,"href":"https:\/\/cha-shc.ca\/fr\/wp-json\/wp\/v2\/pages\/14329\/revisions"}],"predecessor-version":[{"id":14330,"href":"https:\/\/cha-shc.ca\/fr\/wp-json\/wp\/v2\/pages\/14329\/revisions\/14330"}],"up":[{"embeddable":true,"href":"https:\/\/cha-shc.ca\/fr\/wp-json\/wp\/v2\/pages\/14581"}],"wp:attachment":[{"href":"https:\/\/cha-shc.ca\/fr\/wp-json\/wp\/v2\/media?parent=14329"}],"wp:term":[{"taxonomy":"page_template","embeddable":true,"href":"https:\/\/cha-shc.ca\/fr\/wp-json\/wp\/v2\/page_template?post=14329"}],"curies":[{"name":"wp","href":"https:\/\/api.w.org\/{rel}","templated":true}]}}