{"id":14335,"date":"2022-08-15T15:04:57","date_gmt":"2022-08-15T19:04:57","guid":{"rendered":"https:\/\/cha-shc.ca\/?page_id=14335"},"modified":"2022-08-15T15:32:43","modified_gmt":"2022-08-15T19:32:43","slug":"la-rubrique-histoire-decembre-2020","status":"publish","type":"page","link":"https:\/\/cha-shc.ca\/fr\/publications\/la-rubrique-histoire-le-bulletin-dinformation-numerique-de-la-shc\/la-rubrique-histoire-decembre-2020\/","title":{"rendered":"La rubrique Histoire &#8211; d\u00e9cembre 2020"},"content":{"rendered":"<p><img fetchpriority=\"high\" decoding=\"async\" src=\"https:\/\/cha-shc.ca\/wp-content\/uploads\/2022\/08\/5fc667c5732cf.jpg\" alt=\"Banner #1.6\" width=\"750\" height=\"173\" \/><\/p>\n<p><strong><a title=\"#1.6 Molly\" href=\"https:\/\/cha-shc.ca\/wp-content\/uploads\/2022\/08\/60073377a47d4.pdf\">PDF\u00a0<\/a><\/strong><\/p>\n<p><strong>ACTUALIT\u00c9S<\/strong><\/p>\n<p><strong><img decoding=\"async\" src=\"https:\/\/cha-shc.ca\/wp-content\/uploads\/2022\/08\/5fc660e3367cf.png\" alt=\"UQ\u00c0M\" width=\"200\" \/><\/strong><\/p>\n<p>&nbsp;<\/p>\n<p><strong>Paul-Andr\u00e9 Linteau<\/strong>\u00a0a \u00e9t\u00e9 nomm\u00e9 membre de l\u2019Ordre de Montr\u00e9al, un ordre honorifique afin de reconna\u00eetre le talent et les r\u00e9alisations des gens qui fa\u00e7onnent la m\u00e9tropole. Un gage de fiert\u00e9 qui rejaillit sur tous les Montr\u00e9alais.<\/p>\n<p>&nbsp;<\/p>\n<p>&nbsp;<\/p>\n<p><strong><img decoding=\"async\" src=\"https:\/\/cha-shc.ca\/wp-content\/uploads\/2022\/08\/5fc6612fdf61e.png\" alt=\"UQTR\" width=\"200\" \/>D\u00e9partement des sciences humaines de l\u2019UQTR<\/strong><\/p>\n<p>Embauche de\u00a0<strong>Mahdi Khelfaoui<\/strong>, professeur d\u2019histoire \u00e9conomique. Entr\u00e9e en fonction\u00a0: 1er\u00a0d\u00e9cembre 2020. Soir\u00e9e sur les \u00e9lections am\u00e9ricaines, le 3 novembre. Table ronde virtuelle avec\u00a0<strong>Marise Bachand<\/strong>, professeure d\u2019histoire am\u00e9ricaine,\u00a0<strong>Jonas Campion<\/strong>, professeure d\u2019histoire europ\u00e9enne contemporaine et un professeur d\u2019histoire des \u00c9tats-Unis au niveau coll\u00e9gial. Grand succ\u00e8s, une bonne soixantaine d\u2019assistants.\u00a0\u00a0<a href=\"https:\/\/www.lenouvelliste.ca\/actualites\/table-ronde-sur-les-elections-americaines-a-luqtr-b50a5bc0e69981e32cdd4775c5c20e47\">https:\/\/www.lenouvelliste.ca\/actualites\/table-ronde-sur-les-elections-americaines-a-luqtr-b50a5bc0e69981e32cdd4775c5c20e47<\/a>.<\/p>\n<p><img decoding=\"async\" src=\"https:\/\/cha-shc.ca\/wp-content\/uploads\/2022\/08\/5fc661a43d50a.png\" alt=\"UdeM\" width=\"200\" \/><br \/>\nL\u2019Association des \u00e9tudiant.e.s dipl\u00f4m\u00e9.e.s du D\u00e9partement d\u2019histoire de l\u2019Universit\u00e9 de Montr\u00e9al (A\u00c9DDHUM) lance un appel \u00e0 communications pour son\u00a0XXVIIIe colloque international sur le th\u00e8me\u00a0<strong>Scandales et Silences<\/strong>\u00a0qui se d\u00e9roulera du 29 au 31 mars 2021.\u00a0<a href=\"https:\/\/histoire.umontreal.ca\/departement\/nouvelles\/une-nouvelle\/news\/eventDetail\/Event\/appel-a-communications-pour-le-colloque-des-etudiants-des-cycles-superieurs-du-departement-dhistoir\/\">https:\/\/histoire.umontreal.ca\/departement\/nouvelles\/une-nouvelle\/news\/eventDetail\/Event\/appel-a-communications-pour-le-colloque-des-etudiants-des-cycles-superieurs-du-departement-dhistoir\/<\/a>.<\/p>\n<p><img decoding=\"async\" src=\"https:\/\/cha-shc.ca\/wp-content\/uploads\/2022\/08\/5efa19e0bea38.jpg\" alt=\"Laval\" width=\"200\" height=\"82\" \/>Artefact, l&rsquo;Association \u00e9tudiante des 2e et 3e cycles du D\u00e9partement des sciences historiques de l&rsquo;Universit\u00e9 Laval, lance un appel \u00e0 communications pour son\u00a0XXIe Colloque \u00e9tudiant:\u00a0<strong>Femmes, genres et sexualit\u00e9s<\/strong>, qui se d\u00e9roulera en ligne du 3 au 5 mars 2021.\u00a0<a href=\"https:\/\/www.flsh.ulaval.ca\/actualites\/appel-a-communications-xxie-colloque-artefact\">https:\/\/www.flsh.ulaval.ca\/actualites\/appel-a-communications-xxie-colloque-artefact<\/a>.<\/p>\n<p>&nbsp;<\/p>\n<p><img decoding=\"async\" src=\"https:\/\/cha-shc.ca\/wp-content\/uploads\/2022\/08\/5efa1f3fb5f7b.png\" alt=\"UQ\u00c0C\" width=\"200\" height=\"107\" \/>Le 18 novembre, le Centre de recherche interdisciplinaire sur la diversit\u00e9 et la d\u00e9mocratie (CRIDAQ) et l\u2019UQAC ont diffus\u00e9 une conf\u00e9rence en ligne intitul\u00e9 \u00ab\u00a0Qu\u00e9b\u00e9cois et Autochtones\u00a0: histoire commune, histoire crois\u00e9e, ou histoires parall\u00e8les?\u00a0\u00bb rassemblant les historiens\u00a0<strong>M\u00e9d\u00e9rik Sioui<\/strong>,\u00a0<strong>Brian Gettler<\/strong>\u00a0(U. of Toronto) et l\u2019historienne\u00a0<strong>Isabelle Bouchard<\/strong>\u00a0(UQTR).\u00a0<a href=\"https:\/\/cridaq.uqam.ca\/activite\/quebecois-et-autochtones-histoire-commune-histoire-croisee-ou-histoires-paralleles\/.%C2%A0\">https:\/\/cridaq.uqam.ca\/activite\/quebecois-et-autochtones-histoire-commune-histoire-croisee-ou-histoires-paralleles\/.\u00a0<\/a><\/p>\n<p>&nbsp;<\/p>\n<p><strong><img loading=\"lazy\" decoding=\"async\" src=\"https:\/\/cha-shc.ca\/wp-content\/uploads\/2022\/08\/5efa10f41b818.jpg\" alt=\"Books Image\" width=\"250\" height=\"255\" \/>Publications r\u00e9centes<\/strong><\/p>\n<p><strong>Michel Th\u00e9venin<\/strong>,\u00a0<a title=\"CHA Affiliates\" href=\"https:\/\/www.pulaval.com\/produit\/changer-le-systeme-de-la-guerre-le-siege-en-nouvelle-france-1755-1760?fbclid=IwAR3LsMLE9ugGFtqx_SLPffQpOebcqgUAaUOmsFuwf_0cO2866m7MtqZL7jg\"><em>\u00ab\u00a0Changer le syst\u00e8me de la guerre\u00a0\u00bb : le si\u00e8ge en Nouvelle-France, 1755-1760<\/em><\/a>. PUL, 2020.<\/p>\n<p><strong>Mark Jurdjevic<\/strong>.\u00a0<a title=\"CHA Affiliates\" href=\"https:\/\/www.upenn.edu\/pennpress\/book\/15950.html\"><em>Machiavelli: Political, Historical, and Literary Writings.<\/em><\/a>\u00a0University of Pennsylvania Press, 2019.<\/p>\n<p><strong>Mark Jurdjevic<\/strong>.\u00a0<a title=\"CHA Affiliates\" href=\"https:\/\/www.upenn.edu\/pennpress\/book\/15949.html#:~:text=Rather%20than%20presenting%20Renaissance%20political,and%20revised%E2%80%94and%20the%20way\"><em>Florentine Political Writings from Petrarch to Machiavelli.<\/em><\/a>\u00a0University of Pennsylvania Press, 2019.<\/p>\n<p><strong>Lucia Ferretti<\/strong>\u00a0et\u00a0<strong>Fran\u00e7ois Rocher<\/strong>, dir.,\u00a0<a title=\"CHA Affiliates\" href=\"http:\/\/delbussoediteur.ca\/publications\/les-enjeux-dun-quebec-laique\/\"><em>Les enjeux d\u2019un Qu\u00e9bec la\u00efque. La loi 21 en perspective<\/em><\/a>. Montr\u00e9al, Del Busso \u00e9diteur, 2020, 304 pages. Parution\u00a0: 9 novembre.<\/p>\n<p><strong>Denis Goulet<\/strong>\u00a0(U. de Montr\u00e9al),\u00a0<a title=\"CHA Affiliates\" href=\"https:\/\/www.septentrion.qc.ca\/catalogue\/breve-histoire-des-epidemies-au-quebec\"><em>Br\u00e8ve histoire des \u00e9pid\u00e9mies au Qu\u00e9bec<\/em><\/a>. Du chol\u00e9ra \u00e0 la COVID-19 (Septentrion, 2020).<\/p>\n<p><strong>Hubert Charbonneau<\/strong>, dir. (U. de Montr\u00e9al),\u00a0<a title=\"CHA Affiliates\" href=\"https:\/\/www.pum.umontreal.ca\/catalogue\/naissance_dune_population\"><em>Naissance d\u2019une population. Les Fran\u00e7ais \u00e9tablis au Canada au 17e si\u00e8cle<\/em><\/a>. Nouvelle \u00e9dition revue et corrig\u00e9e (PUM, novembre 2020).<\/p>\n<p><strong>Paul-Andr\u00e9 Dubois<\/strong>\u00a0(U. Laval),\u00a0<a title=\"CHA Affiliates\" href=\"https:\/\/www.pulaval.com\/produit\/recollets-et-amerindiens-le-defi-de-la-rencontre-au-xviie-siecle\"><em>Lire et \u00e9crire chez les Am\u00e9rindiens de Nouvelle-France<\/em><\/a>\u00a0(PUL, novembre 2020).<\/p>\n<p><strong>Jean-Philippe Warren<\/strong>\u00a0(Concordia),\u00a0<a title=\"CHA Affiliates\" href=\"https:\/\/www.editionsboreal.qc.ca\/catalogue\/livres\/histoire-taxi-montreal-2755.html\"><em>Histoire du taxi \u00e0 Montr\u00e9al. Des taxis jaunes \u00e0 UberX<\/em>\u00a0<\/a>(Bor\u00e9al, octobre 2020).<\/p>\n<p><strong>Robert Gagnon<\/strong>\u00a0(UQ\u00c0M) et Denis Goulet (U. de Montr\u00e9al),\u00a0<a title=\"CHA Affiliates\" href=\"https:\/\/www.editionsboreal.qc.ca\/catalogue\/livres\/formation-une-elite-2749.html\"><em>La formation d\u2019une \u00e9lite. Les bourses d\u2019\u00e9tudes \u00e0 l\u2019\u00e9tranger du gouvernement qu\u00e9b\u00e9cois (1920-1959)<\/em><\/a>\u00a0(Bor\u00e9al, octobre 2020).<\/p>\n<p><strong>\u00c9ric B\u00e9dard<\/strong>\u00a0(T\u00e9luq),\u00a0<a title=\"CHA Affiliates\" href=\"https:\/\/www.septentrion.qc.ca\/catalogue\/chronique-d-une-insurrection-apprehendee-nouvelle-edition\"><em>Chronique d\u2019une insurrection appr\u00e9hend\u00e9e, nouvelle \u00e9dition<\/em><\/a>\u00a0(Septentrion, 2020).<\/p>\n<p><strong>Catherine Ferland<\/strong>,\u00a0<a title=\"CHA Affiliates\" href=\"https:\/\/www.septentrion.qc.ca\/catalogue\/biscuits-leclerc-les\"><em>Les biscuits Leclerc. Une histoire de c\u0153ur et de p\u00e9pites<\/em><\/a>\u00a0(Septentrion, 2020).<\/p>\n<p><strong>BUREAU MYST\u00c8RE<\/strong><\/p>\n<p><strong><img loading=\"lazy\" decoding=\"async\" src=\"https:\/\/cha-shc.ca\/wp-content\/uploads\/2022\/08\/5fc65ee37ce6b.jpg\" alt=\"Mystery Desk #1.6\" width=\"750\" height=\"563\" \/><br \/>\n<\/strong>A qui appartient cet espace de travail ? Envoyez vos r\u00e9ponses \u00e0 Michel Duquet @\u00a0<a href=\"mailto:mduquet@cha-shc.ca\">mduquet@cha-shc.ca<\/a>\u00a0avant le 15 d\u00e9cembre en indiquant \u00ab bureau \u00bb dans l\u2019objet du message ; un gagnant sera tir\u00e9 au sort parmi ceux qui auront r\u00e9pondu correctement. Le gagnant recevra un rabais de 50 $ sur son adh\u00e9sion 2021 \u00e0 la SHC.<\/p>\n<p>Janis Thiessen a devin\u00e9 que l\u2019espace de travail myst\u00e8re dans le dernier num\u00e9ro \u00e9tait celui de Valerie Korinek au d\u00e9partement d\u2019histoire de l\u2019Universit\u00e9 de la Saskatchewan.<\/p>\n<p>&nbsp;<\/p>\n","protected":false},"excerpt":{"rendered":"<p>PDF\u00a0 ACTUALIT\u00c9S &nbsp; Paul-Andr\u00e9 Linteau\u00a0a \u00e9t\u00e9 nomm\u00e9 membre de l\u2019Ordre de Montr\u00e9al, un ordre honorifique afin de reconna\u00eetre le talent et les r\u00e9alisations des gens qui fa\u00e7onnent la m\u00e9tropole. Un gage de fiert\u00e9 qui rejaillit sur tous les Montr\u00e9alais. &nbsp; &nbsp; D\u00e9partement des sciences humaines de l\u2019UQTR Embauche de\u00a0Mahdi Khelfaoui, professeur d\u2019histoire \u00e9conomique. Entr\u00e9e en [&hellip;]<\/p>\n","protected":false},"author":1,"featured_media":0,"parent":14581,"menu_order":25,"comment_status":"closed","ping_status":"closed","template":"","meta":{"_acf_changed":false,"_seopress_robots_primary_cat":"","_seopress_titles_title":"","_seopress_titles_desc":"","_seopress_robots_index":"","_exactmetrics_skip_tracking":false,"_exactmetrics_sitenote_active":false,"_exactmetrics_sitenote_note":"","_exactmetrics_sitenote_category":0,"site-sidebar-layout":"default","site-content-layout":"default","ast-site-content-layout":"default","site-content-style":"default","site-sidebar-style":"default","ast-global-header-display":"","ast-banner-title-visibility":"","ast-main-header-display":"","ast-hfb-above-header-display":"","ast-hfb-below-header-display":"","ast-hfb-mobile-header-display":"","site-post-title":"","ast-breadcrumbs-content":"","ast-featured-img":"","footer-sml-layout":"","ast-disable-related-posts":"","theme-transparent-header-meta":"default","adv-header-id-meta":"","stick-header-meta":"","header-above-stick-meta":"","header-main-stick-meta":"","header-below-stick-meta":"","astra-migrate-meta-layouts":"default","ast-page-background-enabled":"default","ast-page-background-meta":{"desktop":{"background-color":"var(--ast-global-color-4)","background-image":"","background-repeat":"repeat","background-position":"center center","background-size":"auto","background-attachment":"scroll","background-type":"","background-media":"","overlay-type":"","overlay-color":"","overlay-opacity":"","overlay-gradient":""},"tablet":{"background-color":"","background-image":"","background-repeat":"repeat","background-position":"center center","background-size":"auto","background-attachment":"scroll","background-type":"","background-media":"","overlay-type":"","overlay-color":"","overlay-opacity":"","overlay-gradient":""},"mobile":{"background-color":"","background-image":"","background-repeat":"repeat","background-position":"center center","background-size":"auto","background-attachment":"scroll","background-type":"","background-media":"","overlay-type":"","overlay-color":"","overlay-opacity":"","overlay-gradient":""}},"ast-content-background-meta":{"desktop":{"background-color":"var(--ast-global-color-5)","background-image":"","background-repeat":"repeat","background-position":"center center","background-size":"auto","background-attachment":"scroll","background-type":"","background-media":"","overlay-type":"","overlay-color":"","overlay-opacity":"","overlay-gradient":""},"tablet":{"background-color":"var(--ast-global-color-5)","background-image":"","background-repeat":"repeat","background-position":"center center","background-size":"auto","background-attachment":"scroll","background-type":"","background-media":"","overlay-type":"","overlay-color":"","overlay-opacity":"","overlay-gradient":""},"mobile":{"background-color":"var(--ast-global-color-5)","background-image":"","background-repeat":"repeat","background-position":"center center","background-size":"auto","background-attachment":"scroll","background-type":"","background-media":"","overlay-type":"","overlay-color":"","overlay-opacity":"","overlay-gradient":""}},"footnotes":""},"page_template":[239],"class_list":["post-14335","page","type-page","status-publish","hentry","page_template-sidebar-fr"],"acf":[],"publishpress_future_action":{"enabled":false,"date":"2026-05-06 18:15:50","action":"change-status","newStatus":"draft","terms":[],"taxonomy":"page_template","extraData":[]},"publishpress_future_workflow_manual_trigger":{"enabledWorkflows":[]},"_links":{"self":[{"href":"https:\/\/cha-shc.ca\/fr\/wp-json\/wp\/v2\/pages\/14335","targetHints":{"allow":["GET"]}}],"collection":[{"href":"https:\/\/cha-shc.ca\/fr\/wp-json\/wp\/v2\/pages"}],"about":[{"href":"https:\/\/cha-shc.ca\/fr\/wp-json\/wp\/v2\/types\/page"}],"author":[{"embeddable":true,"href":"https:\/\/cha-shc.ca\/fr\/wp-json\/wp\/v2\/users\/1"}],"replies":[{"embeddable":true,"href":"https:\/\/cha-shc.ca\/fr\/wp-json\/wp\/v2\/comments?post=14335"}],"version-history":[{"count":1,"href":"https:\/\/cha-shc.ca\/fr\/wp-json\/wp\/v2\/pages\/14335\/revisions"}],"predecessor-version":[{"id":14336,"href":"https:\/\/cha-shc.ca\/fr\/wp-json\/wp\/v2\/pages\/14335\/revisions\/14336"}],"up":[{"embeddable":true,"href":"https:\/\/cha-shc.ca\/fr\/wp-json\/wp\/v2\/pages\/14581"}],"wp:attachment":[{"href":"https:\/\/cha-shc.ca\/fr\/wp-json\/wp\/v2\/media?parent=14335"}],"wp:term":[{"taxonomy":"page_template","embeddable":true,"href":"https:\/\/cha-shc.ca\/fr\/wp-json\/wp\/v2\/page_template?post=14335"}],"curies":[{"name":"wp","href":"https:\/\/api.w.org\/{rel}","templated":true}]}}