{"id":14538,"date":"2022-07-08T15:13:37","date_gmt":"2022-07-08T19:13:37","guid":{"rendered":"https:\/\/cha-shc.ca\/?page_id=14538"},"modified":"2023-06-30T10:00:30","modified_gmt":"2023-06-30T14:00:30","slug":"lenseignement-de-lhistoire-canadienne-apres-la-declaration-des-nations-unies-sur-les-droits-des-peuples-autochtones-dnudpa-i","status":"publish","type":"page","link":"https:\/\/cha-shc.ca\/fr\/cvr\/lenseignement-de-lhistoire-canadienne-apres-la-declaration-des-nations-unies-sur-les-droits-des-peuples-autochtones-dnudpa-i\/","title":{"rendered":"L\u2019Enseignement de l\u2019histoire canadienne apr\u00e8s la D\u00e9claration des Nations unies sur les droits des peuples autochtones (DNUDPA) I"},"content":{"rendered":"<p>Publi\u00e9 le le 2 mars 2020<\/p>\n<div class=\"event_graphic pull-right float-right pl-3 pb-3\"><\/div>\n<h2>Allyson Stevenson[1]<\/h2>\n<p><a href=\"https:\/\/cha-shc.ca\/wp-content\/uploads\/2022\/10\/5e5927ad814ae.jpg\"><img fetchpriority=\"high\" decoding=\"async\" class=\"alignright wp-image-16358 size-medium\" title=\"View More: http:\/\/kelseyvictoriaphotography.pass.us\/allyson\" src=\"https:\/\/cha-shc.ca\/wp-content\/uploads\/2022\/10\/5e5927ad814ae-289x300.jpg\" alt=\"\" width=\"289\" height=\"300\" srcset=\"https:\/\/cha-shc.ca\/wp-content\/uploads\/2022\/10\/5e5927ad814ae-289x300.jpg 289w, https:\/\/cha-shc.ca\/wp-content\/uploads\/2022\/10\/5e5927ad814ae-985x1024.jpg 985w, https:\/\/cha-shc.ca\/wp-content\/uploads\/2022\/10\/5e5927ad814ae-768x798.jpg 768w, https:\/\/cha-shc.ca\/wp-content\/uploads\/2022\/10\/5e5927ad814ae-1478x1536.jpg 1478w, https:\/\/cha-shc.ca\/wp-content\/uploads\/2022\/10\/5e5927ad814ae.jpg 1534w\" sizes=\"(max-width: 289px) 100vw, 289px\" \/><\/a><\/p>\n<p>Lorsque j&rsquo;ai commenc\u00e9 \u00e0 r\u00e9diger ce blogue le 29 janvier, je venais de retourner \u00e0 mon bureau \u00e0 l&rsquo;Universit\u00e9 de Regina apr\u00e8s avoir partag\u00e9 mes recherches dans un panel inspirant de femmes leaders influentes des Premi\u00e8res nations sur le territoire du Trait\u00e9 4, dont l<a title=\"CHA Affiliates\" href=\"https:\/\/twitter.com\/lynnacoose?lang=en\">a chef Lynn Acoose<\/a>, la chef <a title=\"CHA Affiliates\" href=\"https:\/\/globalnews.ca\/news\/5751577\/standing-buffalo-dakota-nation-first-female-chief\/\">Roberta Soo-Oye Waste<\/a>, la <a title=\"CHA Affiliates\" href=\"https:\/\/artsandscience.usask.ca\/profile\/PSettee#\/profile\">Dre Priscilla Settee<\/a> et l&rsquo;a\u00een\u00e9e dakota Diane McKay. \u00ab\u00a0<a title=\"CHA Affiliates\" href=\"https:\/\/leaderpost.com\/news\/local-news\/indigenous-womens-leadership-forum-focuses-on-reclaiming-matriarchy\">The Indigenous Women&rsquo;s Leadership Forum : Reclamation of Matriarch and Ogijidaakew Sovereignty<\/a>\u00a0\u00bb, s&rsquo;est articul\u00e9 autour de la r\u00e9cup\u00e9ration des r\u00f4les et des responsabilit\u00e9s des femmes autochtones en tant que matriarches dans leurs familles, leurs communaut\u00e9s et leurs nations par le biais de r\u00e9cits, de visites et d&rsquo;inspiration mutuelle. Cette conf\u00e9rence faisait suite, mais n&rsquo;\u00e9tait pas li\u00e9e, \u00e0 un autre \u00e9v\u00e9nement fascinant d&rsquo;une journ\u00e9e enti\u00e8re \u00e0 l&rsquo;<a title=\"CHA Affiliates\" href=\"http:\/\/fnuniv.ca\/\">Universit\u00e9 des Premi\u00e8res Nations du Canada<\/a> (FNUniv), organis\u00e9 par l&rsquo;Association des \u00e9tudiants de la FNUniv, en r\u00e9ponse au <a title=\"CHA Affiliates\" href=\"https:\/\/www.cbc.ca\/news\/canada\/saskatchewan\/pamela-george-elliott-clarke-lecture-1.5411701\">comportement d\u00e9plorable de George Elliot Clarke et de l&rsquo;Universit\u00e9 de Regina<\/a>.[2]\u00a0 Con\u00e7u \u00e0 l&rsquo;origine par un groupe appel\u00e9 \u00ab\u00a0<a title=\"CHA Affiliates\" href=\"https:\/\/www.cbc.ca\/news\/canada\/saskatchewan\/matriatchs-on-duty-hosting-regina-event-1.5437425\">Matriarchs on Duty<\/a>\u00a0\u00bb, l&rsquo;\u00e9v\u00e9nement a eu lieu le jeudi 26 janvier, soit la m\u00eame date \u00e0 laquelle George Elliot Clarke avait planifi\u00e9 donner son discours mal con\u00e7u \u00ab\u00a0Truth and Reconciliation\u00a0\u00bb versus \u00ab\u00a0the Murdered and Missing\u00a0: Examining Indigenous Experiences of (In)Justice in Four Saskatchewan Poets\u00a0\u00bb. Le tout a d\u00e9but\u00e9 par une c\u00e9r\u00e9monie du calumet, suivie d&rsquo;une marche de reconnaissance sur le campus de l&rsquo;Universit\u00e9 de Regina, puis d&rsquo;une s\u00e9rie de dialogues sur la relation entre l&rsquo;Universit\u00e9 de Regina et les peuples autochtones de la communaut\u00e9.[3]\u00a0 La controverse a fait <a title=\"CHA Affiliates\" href=\"https:\/\/www.theglobeandmail.com\/canada\/article-george-elliott-clarke-cancels-talk-at-university-of-regina-amid\/\">la une des journaux nationaux<\/a> lorsque Clarke a d&rsquo;abord refus\u00e9 de modifier le sujet de son discours, ou de r\u00e9pondre aux pr\u00e9occupations soulev\u00e9es par le corps enseignant, le personnel et les membres de la communaut\u00e9 autochtone.\u00a0 Plusieurs membres de la communaut\u00e9 universitaire de Regina ont tr\u00e8s t\u00f4t identifi\u00e9 la relation probl\u00e9matique entre Clarke et Steven Kummerfield\/Stephen Brown, et la d\u00e9cision de Clarke de s&rsquo;exprimer sur cette question \u00e0 Regina.[4]<\/p>\n<p>Il peut sembler \u00e9trange de commencer un blogue sur l&rsquo;enseignement de l&rsquo;histoire canadienne par cette histoire. Il pourrait \u00e9galement sembler \u00e9trange que j&rsquo;\u00e9crive un blogue sur l&rsquo;histoire du Canada, \u00e9tant donn\u00e9 que je n&rsquo;enseigne m\u00eame pas dans un d\u00e9partement d&rsquo;histoire. En fait, j&rsquo;ai plut\u00f4t d\u00e9lib\u00e9r\u00e9ment choisi que ma <a title=\"CHA Affiliates\" href=\"https:\/\/www.uregina.ca\/external\/communications\/feature-stories\/current\/2018\/05-03.html\">chaire de recherche du Canada sur les peuples autochtones et la justice sociale mondiale<\/a>\u00a0soit au sein du <a title=\"CHA Affiliates\" href=\"https:\/\/www.uregina.ca\/arts\/politics-international-studies\/\">d\u00e9partement de politique et d&rsquo;\u00e9tudes internationales<\/a> lorsque j&rsquo;ai commenc\u00e9 \u00e0 l&rsquo;Universit\u00e9 de Regina en janvier 2018.<\/p>\n<p>Mais je vous prie d\u2019\u00eatre quelque peu patient. Je crois avoir quelque chose d&rsquo;utile \u00e0 offrir.<\/p>\n<p>J&rsquo;esp\u00e8re que mon article permettra aux lecteurs de consid\u00e9rer les liens qui existent entre les exp\u00e9riences v\u00e9cues par les \u00e9tudiants, les professeurs et le personnel indig\u00e8nes et notre travail au sein des murs des \u00e9tablissements d&rsquo;enseignement sup\u00e9rieur. Par le biais de ce blogue, je veux partager avec mes amis et coll\u00e8gues de la <a title=\"CHA Affiliates\" href=\"https:\/\/cha-shc.ca\/fr\">SHC<\/a> &#8211; et avec les lecteurs de <a title=\"CHA Affiliates\" href=\"http:\/\/activehistory.ca\/\">ActiveHistory<\/a> &#8211; un peu de mon point de vue \u00e0 tire de r\u00e9sidente de longue date de la Saskatchewan, tant en milieu rural qu&rsquo;urbain, et comme M\u00e9tis adopt\u00e9e, qui a renou\u00e9 contact avec sa communaut\u00e9 d&rsquo;origine. Et bien s\u00fbr, en tant qu&rsquo;historienne canadienne.<\/p>\n<p>Ce texte s&rsquo;appuie sur le <a title=\"CHA Affiliates\" href=\"https:\/\/cha-shc.ca\/fr\/enseigner\/blogue\/la-narrative-perturbante-des-colonisateurs-dans-le-cours-dintroduction-a-lhistoire-du-canada-davant-la-confederation-ce-que-jai-appris-1e-partie-2019-09-30.htm\">blogue en trois parties<\/a> r\u00e9dig\u00e9 par Carmen Nielson, qui a guid\u00e9 les lecteurs dans ses efforts pour d\u00e9coloniser son cours magistral sur l&rsquo;histoire du Canada d&rsquo;avant la Conf\u00e9d\u00e9ration.[5]\u00a0 Elle s&rsquo;est d&rsquo;abord rendu compte que son approche p\u00e9dagogique \u00e9tait probl\u00e9matique lorsqu&rsquo;un \u00e9tudiant m\u00e9tis s&rsquo;est approch\u00e9 d&rsquo;elle et lui a dit : \u00ab\u00a0J&rsquo;ai l&rsquo;impression d&rsquo;\u00eatre colonis\u00e9e dans ce cours\u00a0\u00bb.[6]\u00a0 Ce n&rsquo;est qu&rsquo;apr\u00e8s l&rsquo;affirmation de cette courageuse \u00e9tudiante que la Dre Nielson a commenc\u00e9 \u00e0 r\u00e9fl\u00e9chir \u00e0 son r\u00f4le et, par la suite, \u00e0 modifier sa fa\u00e7on d&rsquo;enseigner et de comprendre l&rsquo;histoire du Canada.<\/p>\n<p><strong>Avons-nous tous \u00e9t\u00e9 colonis\u00e9s par l&rsquo;histoire du Canada ?<\/strong><\/p>\n<p>L&rsquo;\u00e9t\u00e9 dernier, en ao\u00fbt 2019, le groupe de travail de la Soci\u00e9t\u00e9 historique du Canada sur la Commission V\u00e9rit\u00e9 et R\u00e9conciliation (CVR) a publi\u00e9 \u00ab\u00a0<a title=\"CHA Affiliates\" href=\"https:\/\/cha-shc.ca\/wp-content\/uploads\/2022\/08\/5d5e99b2065d6.pdf\">Un plan de cours pour l&rsquo;histoire apr\u00e8s la CVR<\/a>\u00a0\u00bb.[7]\u00a0 Cr\u00e9\u00e9 en 2017, le plan de cours du groupe de travail est l&rsquo;un des efforts de la soci\u00e9t\u00e9 pour aider ses membres \u00e0 incorporer les travaux importants des histoires autochtones \u00e9crites au cours des derni\u00e8res d\u00e9cennies.[8]<\/p>\n<p>Des organisations professionnelles telles que la SHC et l&rsquo;<a title=\"CHA Affiliates\" href=\"https:\/\/www.cpsa-acsp.ca\/contact_f.php?\">Association canadienne de science politique<\/a>, ainsi que des groupes communautaires tels que <a title=\"CHA Affiliates\" href=\"https:\/\/blacklivesmatter.com\/\">Black Lives Matter<\/a> et <a title=\"CHA Affiliates\" href=\"https:\/\/ifnotusthenwho.me\/films\/fight-standing-rock\/?gclid=Cj0KCQiAkePyBRCEARIsAMy5SctY3LlWUEFEmxdjrxlRNHBbv1IjgNrWqKyqBMsn3rbgxQZUJ66_5PgaAnupEALw_wcB\">Standing with Standing Rock<\/a>, agr\u00e8gent ces plans de cours pour aider les individus \u00e0 g\u00e9rer les conflits litigieux et \u00e0 comprendre l&rsquo;oppression continue des peuples autochtones et marginalis\u00e9s dans une soci\u00e9t\u00e9 issue du colonialisme. Des ouvrages importants de la litt\u00e9rature de r\u00e9sistance, des cadres th\u00e9oriques critiques et des travaux historiques de voix marginalis\u00e9es sont mis en \u00e9vidence dans le noble but d&rsquo;\u00e9duquer les lecteurs. Ces documents tr\u00e8s importants aident les individus \u00e0 int\u00e9grer du contenu autochtone dans les cours. Ils vont au-del\u00e0 de l&rsquo;inclusion de sujets familiers ax\u00e9e sur des \u00e9v\u00e9nements historiques.<\/p>\n<p>Cependant, je tiens \u00e0 souligner que c&rsquo;est la voix de l&rsquo;\u00e9tudiant m\u00e9tis qui a provoqu\u00e9 le changement de perspective et la prise de conscience de la Dre Nielson. C&rsquo;est au niveau du c\u0153ur, et non de la t\u00eate, que la nature coloniale de notre discipline a fait surface.<\/p>\n<p><strong>Comment savons-nous ce que nous savons ?<\/strong><\/p>\n<p>Je pense qu&rsquo;il est important \u00e0 ce stade de souligner que, dans les cinq ann\u00e9es qui ont suivi l&rsquo;ach\u00e8vement de la <a title=\"CHA Affiliates\" href=\"http:\/\/www.trc.ca\/index-splash-fr.html\">CVR<\/a> et des <a title=\"CHA Affiliates\" href=\"http:\/\/trc.ca\/assets\/pdf\/Calls_to_Action_French.pdf\">94 appels \u00e0 l&rsquo;action<\/a>, des preuves continues et implacables ont clairement d\u00e9montr\u00e9 que ceci constituait plus qu&rsquo;un \u00ab\u00a0sombre chapitre\u00a0\u00bb. La violence et la tendance g\u00e9nocidaire du syst\u00e8me des pensionnats se poursuivent au Canada. Ceci n&rsquo;est pas nulle part ailleurs plus \u00e9vident qu&rsquo;ici, dans ma propre cour de la Saskatchewan. Je dis cela non pas pour encourager une attitude p\u00e9dante de la part de ceux qui habitent \u00e0 l&rsquo;ext\u00e9rieur de cette province, mais pour illustrer que le projet qui a d\u00e9but\u00e9 bien avant la Conf\u00e9d\u00e9ration a \u00e9t\u00e9 con\u00e7u \u00e0 l&rsquo;ext\u00e9rieur de nos territoires. Il continue de nous hanter de sorte que nous ne pouvons pas nous en d\u00e9tourner. Comment les historiens canadiens vont-ils tenir compte de la disparition et de l&rsquo;assassinat de femmes et de filles autochtones et des bispirituels, tout en tenant compte des cons\u00e9quences d\u00e9vastatrices de la rafle des ann\u00e9es soixante ?\u00a0 Il existe des recours collectifs intent\u00e9s par les peuples des Premi\u00e8res nations qui ont \u00e9t\u00e9 l\u00e9s\u00e9s par le syst\u00e8me m\u00e9dical, que ce soit dans les h\u00f4pitaux \u00ab\u00a0indiens\u00a0\u00bb ou les sanatoriums pour tuberculeux. Les enfants autochtones sont surrepr\u00e9sent\u00e9s dans les syst\u00e8mes de protection de l&rsquo;enfance au Canada. Les organismes de services \u00e0 l&rsquo;enfance et \u00e0 la famille dans les r\u00e9serves sont syst\u00e9matiquement sous-financ\u00e9s, ce qui a \u00e9t\u00e9 consid\u00e9r\u00e9 comme une violation des droits de l&rsquo;enfant des Premi\u00e8res nations. Aujourd&rsquo;hui, nous sommes \u00e9galement confront\u00e9s \u00e0 une crise nationale de recours abusif \u00e0 l\u2019incarc\u00e9ration de d\u00e9tenus autochtones. Tout comme le recours collectif contre les pensionnats qui a men\u00e9 \u00e0 la Convention de r\u00e8glement, les litiges fond\u00e9s sur l&rsquo;exp\u00e9rience de pr\u00e9judices collectifs reposent sur la formulation de politiques gouvernementales historiques par des survivants autochtones contemporains comme des blessures \u00e0 une cat\u00e9gorie, mais ne fournissent pas de cadre analytique pour comprendre les liens historiques qui lient ces politiques entre elles, ou les contextes historiques sp\u00e9cifiques dont elles sont issues.\u00a0 L&rsquo;histoire du Canada ne dispose pas d&rsquo;une analyse ad\u00e9quate pour rendre compte de la place historique et actuelle des peuples autochtones en tant que peuples distincts d\u00e9tenteurs de droits, avec des garanties dans la Loi constitutionnelle de 1982. Mais au-del\u00e0 de nos droits, est-ce que la loi tient compte des exp\u00e9riences v\u00e9cues par les Premi\u00e8res nations et les M\u00e9tis, pour qui ces deux questions sont, et ne sont pas, des questions th\u00e9oriques ?<\/p>\n<p>[1] Je tiens \u00e0 remercier le comit\u00e9 d&rsquo;enseignement de la SHC, Jo McCutcheon, Danielle Kinsey et Carly Ciufo, pour leurs encouragements et leurs commentaires utiles dans la pr\u00e9paration de cet article.<br \/>\n[2] <a href=\"https:\/\/www.cbc.ca\/news\/canada\/saskatchewan\/pamela-george-elliott-clarke-lecture-1.5411701\">https:\/\/www.cbc.ca\/news\/canada\/saskatchewan\/pamela-george-elliott-clarke-lecture-1.5411701<\/a><br \/>\n[3] <a href=\"https:\/\/www.cbc.ca\/news\/canada\/saskatchewan\/matriatchs-on-duty-hosting-regina-event-1.5437425\">https:\/\/www.cbc.ca\/news\/canada\/saskatchewan\/matriatchs-on-duty-hosting-regina-event-1.5437425<\/a><br \/>\n[4] <a href=\"https:\/\/www.theglobeandmail.com\/canada\/article-george-elliott-clarke-cancels-talk-at-university-of-regina-amid\/\">https:\/\/www.theglobeandmail.com\/canada\/article-george-elliott-clarke-cancels-talk-at-university-of-regina-amid\/<\/a><br \/>\n[5] <a href=\"https:\/\/cha-shc.ca\/fr\/enseigner\/blogue\/la-narrative-perturbante-des-colonisateurs-dans-le-cours-dintroduction-a-lhistoire-du-canada-davant-la-confederation-ce-que-jai-appris-1e-partie-2019-09-30.htm\">https:\/\/cha-shc.ca\/fr\/enseigner\/blogue\/la-narrative-perturbante-des-colonisateurs-dans-le-cours-dintroduction-a-lhistoire-du-canada-davant-la-confederation-ce-que-jai-appris-1e-partie-2019-09-30.htm<\/a><br \/>\n[6] <a href=\"https:\/\/cha-shc.ca\/fr\/enseigner\/blogue\/la-narrative-perturbante-des-colonisateurs-dans-le-cours-dintroduction-a-lhistoire-du-canada-davant-la-confederation-ce-que-jai-appris-1e-partie-2019-09-30.htm\">https:\/\/cha-shc.ca\/fr\/enseigner\/blogue\/la-narrative-perturbante-des-colonisateurs-dans-le-cours-dintroduction-a-lhistoire-du-canada-davant-la-confederation-ce-que-jai-appris-1e-partie-2019-09-30.htm<\/a><br \/>\n[7] <a href=\"https:\/\/cha-shc.ca\/fr\/cvr\/un-plan-de-cours-pour-lhistoire-apres-la-cvr\">https:\/\/cha-shc.ca\/fr\/cvr\/un-plan-de-cours-pour-lhistoire-apres-la-cvr<\/a><br \/>\n[8] Adele Perry,\u00a0Les dix derni\u00e8res ann\u00e9es : ActiveHistory et l&rsquo;enseignement de l&rsquo;histoire du Canada depuis 2008.\u00a0<a href=\"https:\/\/cha-shc.ca\/fr\/enseigner\/blogue\/les-dix-dernieres-annees-activehistory-et-lenseignement-de-lhistoire-du-canada-depuis-2008-2020-01-09.htm\">https:\/\/cha-shc.ca\/fr\/enseigner\/blogue\/les-dix-dernieres-annees-activehistory-et-lenseignement-de-lhistoire-du-canada-depuis-2008-2020-01-09.htm<\/a><\/p>\n<p>Dans la deuxi\u00e8me partie de mon blogue, j&rsquo;aborderai la nature de la structure de la relation entre les Autochtones et la soci\u00e9t\u00e9 issue du colonialisme de peuplement et la fa\u00e7on dont nous pouvons envisager un avenir diff\u00e9rent.<\/p>\n","protected":false},"excerpt":{"rendered":"<p>Publi\u00e9 le le 2 mars 2020 Allyson Stevenson[1] Lorsque j&rsquo;ai commenc\u00e9 \u00e0 r\u00e9diger ce blogue le 29 janvier, je venais de retourner \u00e0 mon bureau \u00e0 l&rsquo;Universit\u00e9 de Regina apr\u00e8s avoir partag\u00e9 mes recherches dans un panel inspirant de femmes leaders influentes des Premi\u00e8res nations sur le territoire du Trait\u00e9 4, dont la chef Lynn [&hellip;]<\/p>\n","protected":false},"author":1,"featured_media":0,"parent":14530,"menu_order":3,"comment_status":"closed","ping_status":"closed","template":"","meta":{"_acf_changed":false,"_seopress_robots_primary_cat":"","_seopress_titles_title":"L\u2019enseignement de l\u2019histoire canadienne | Historique du Canada | Soci\u00e9t\u00e9 historique du Canada","_seopress_titles_desc":"Permet de consid\u00e9rer les liens qui existent entre les exp\u00e9riences v\u00e9cues par les \u00e9tudiants, les professeurs et le personnel indig\u00e8nes.","_seopress_robots_index":"","_exactmetrics_skip_tracking":false,"_exactmetrics_sitenote_active":false,"_exactmetrics_sitenote_note":"","_exactmetrics_sitenote_category":0,"site-sidebar-layout":"default","site-content-layout":"default","ast-site-content-layout":"default","site-content-style":"default","site-sidebar-style":"default","ast-global-header-display":"","ast-banner-title-visibility":"","ast-main-header-display":"","ast-hfb-above-header-display":"","ast-hfb-below-header-display":"","ast-hfb-mobile-header-display":"","site-post-title":"","ast-breadcrumbs-content":"","ast-featured-img":"","footer-sml-layout":"","ast-disable-related-posts":"","theme-transparent-header-meta":"default","adv-header-id-meta":"","stick-header-meta":"","header-above-stick-meta":"","header-main-stick-meta":"","header-below-stick-meta":"","astra-migrate-meta-layouts":"default","ast-page-background-enabled":"default","ast-page-background-meta":{"desktop":{"background-color":"var(--ast-global-color-4)","background-image":"","background-repeat":"repeat","background-position":"center center","background-size":"auto","background-attachment":"scroll","background-type":"","background-media":"","overlay-type":"","overlay-color":"","overlay-opacity":"","overlay-gradient":""},"tablet":{"background-color":"","background-image":"","background-repeat":"repeat","background-position":"center center","background-size":"auto","background-attachment":"scroll","background-type":"","background-media":"","overlay-type":"","overlay-color":"","overlay-opacity":"","overlay-gradient":""},"mobile":{"background-color":"","background-image":"","background-repeat":"repeat","background-position":"center center","background-size":"auto","background-attachment":"scroll","background-type":"","background-media":"","overlay-type":"","overlay-color":"","overlay-opacity":"","overlay-gradient":""}},"ast-content-background-meta":{"desktop":{"background-color":"var(--ast-global-color-5)","background-image":"","background-repeat":"repeat","background-position":"center center","background-size":"auto","background-attachment":"scroll","background-type":"","background-media":"","overlay-type":"","overlay-color":"","overlay-opacity":"","overlay-gradient":""},"tablet":{"background-color":"var(--ast-global-color-5)","background-image":"","background-repeat":"repeat","background-position":"center center","background-size":"auto","background-attachment":"scroll","background-type":"","background-media":"","overlay-type":"","overlay-color":"","overlay-opacity":"","overlay-gradient":""},"mobile":{"background-color":"var(--ast-global-color-5)","background-image":"","background-repeat":"repeat","background-position":"center center","background-size":"auto","background-attachment":"scroll","background-type":"","background-media":"","overlay-type":"","overlay-color":"","overlay-opacity":"","overlay-gradient":""}},"footnotes":""},"page_template":[239],"class_list":["post-14538","page","type-page","status-publish","hentry","page_template-sidebar-fr"],"acf":[],"publishpress_future_action":{"enabled":false,"date":"2026-05-04 13:48:01","action":"change-status","newStatus":"draft","terms":[],"taxonomy":"page_template","extraData":[]},"publishpress_future_workflow_manual_trigger":{"enabledWorkflows":[]},"_links":{"self":[{"href":"https:\/\/cha-shc.ca\/fr\/wp-json\/wp\/v2\/pages\/14538","targetHints":{"allow":["GET"]}}],"collection":[{"href":"https:\/\/cha-shc.ca\/fr\/wp-json\/wp\/v2\/pages"}],"about":[{"href":"https:\/\/cha-shc.ca\/fr\/wp-json\/wp\/v2\/types\/page"}],"author":[{"embeddable":true,"href":"https:\/\/cha-shc.ca\/fr\/wp-json\/wp\/v2\/users\/1"}],"replies":[{"embeddable":true,"href":"https:\/\/cha-shc.ca\/fr\/wp-json\/wp\/v2\/comments?post=14538"}],"version-history":[{"count":2,"href":"https:\/\/cha-shc.ca\/fr\/wp-json\/wp\/v2\/pages\/14538\/revisions"}],"predecessor-version":[{"id":16361,"href":"https:\/\/cha-shc.ca\/fr\/wp-json\/wp\/v2\/pages\/14538\/revisions\/16361"}],"up":[{"embeddable":true,"href":"https:\/\/cha-shc.ca\/fr\/wp-json\/wp\/v2\/pages\/14530"}],"wp:attachment":[{"href":"https:\/\/cha-shc.ca\/fr\/wp-json\/wp\/v2\/media?parent=14538"}],"wp:term":[{"taxonomy":"page_template","embeddable":true,"href":"https:\/\/cha-shc.ca\/fr\/wp-json\/wp\/v2\/page_template?post=14538"}],"curies":[{"name":"wp","href":"https:\/\/api.w.org\/{rel}","templated":true}]}}