{"id":50074,"date":"2024-10-01T00:01:30","date_gmt":"2024-10-01T04:01:30","guid":{"rendered":"https:\/\/cha-shc.ca\/?page_id=50074"},"modified":"2024-09-27T09:24:16","modified_gmt":"2024-09-27T13:24:16","slug":"la-rubrique-histoire-octobre-2024","status":"publish","type":"page","link":"https:\/\/cha-shc.ca\/fr\/publications\/la-rubrique-histoire-le-bulletin-dinformation-numerique-de-la-shc\/la-rubrique-histoire-octobre-2024\/","title":{"rendered":"La rubrique Histoire &#8211; octobre 2024"},"content":{"rendered":"<p><img fetchpriority=\"high\" decoding=\"async\" class=\"alignnone wp-image-50102\" src=\"https:\/\/cha-shc.ca\/wp-content\/uploads\/2024\/08\/HC-RH-5.5-header-2-300x62.png\" alt=\"\" width=\"750\" height=\"154\" srcset=\"https:\/\/cha-shc.ca\/wp-content\/uploads\/2024\/08\/HC-RH-5.5-header-2-300x62.png 300w, https:\/\/cha-shc.ca\/wp-content\/uploads\/2024\/08\/HC-RH-5.5-header-2-1024x210.png 1024w, https:\/\/cha-shc.ca\/wp-content\/uploads\/2024\/08\/HC-RH-5.5-header-2-768x158.png 768w, https:\/\/cha-shc.ca\/wp-content\/uploads\/2024\/08\/HC-RH-5.5-header-2-1536x315.png 1536w, https:\/\/cha-shc.ca\/wp-content\/uploads\/2024\/08\/HC-RH-5.5-header-2-2048x420.png 2048w\" sizes=\"(max-width: 750px) 100vw, 750px\" \/><\/p>\n<p><a href=\"https:\/\/cha-shc.ca\/wp-content\/uploads\/2024\/09\/HC-RH-5.5.pdf\"><strong>PDF<\/strong><\/a><\/p>\n<p><strong>ACTUALIT\u00c9S<\/strong><\/p>\n<p><strong><img decoding=\"async\" class=\"alignleft wp-image-42049\" src=\"https:\/\/cha-shc.ca\/wp-content\/uploads\/2023\/01\/CHA_logo-Vertical-265x300.jpg\" alt=\"\" width=\"200\" height=\"226\" srcset=\"https:\/\/cha-shc.ca\/wp-content\/uploads\/2023\/01\/CHA_logo-Vertical-265x300.jpg 265w, https:\/\/cha-shc.ca\/wp-content\/uploads\/2023\/01\/CHA_logo-Vertical.jpg 337w\" sizes=\"(max-width: 200px) 100vw, 200px\" \/>Ayez votre mot \u00e0 dire dans l&rsquo;\u00e9lection de la direction de la SHC !<\/strong><\/p>\n<p><strong>FORMULAIRE DE MISES EN CANDIDATURE<\/strong><\/p>\n<p>Nous, ________________________________, __________________________________, membres en r\u00e8gle de la Soci\u00e9t\u00e9 historique du Canada, proposons la candidature de ________________________________<\/p>\n<p>de\u00a0\u00a0 <u>\u00a0\u00a0_________________________________________________________________________<br \/>\n<\/u>(Fonction, titre, universit\u00e9 ou emploi, ville)<\/p>\n<p>pour :<br \/>\n<strong>La vice-pr\u00e9sidence (sur le bulletin de vote en 2026)<\/strong><br \/>\n<strong>Le conseil d\u2019administration<br \/>\nLe comit\u00e9 des mises en candidature <\/strong><\/p>\n<p>La personne mise en candidature a accept\u00e9____________________________<\/p>\n<p>Signature \u2013 Parrain.e\/marrain.e :__________________________________<u><br \/>\n<\/u>Signature\u00a0 &#8211; 2<sup>e<\/sup> parrain.e\/2<sup>e<\/sup> marrain.e :<u> _____________________________\u00a0 \u00a0<\/u><\/p>\n<p>le (date)<u> \u00a0 _________________________________\u00a0 \u00a0 \u00a0 \u00a0 \u00a0 \u00a0 \u00a0 \u00a0 \u00a0 \u00a0 \u00a0 \u00a0 \u00a0 \u00a0 \u00a0 \u00a0 \u00a0 \u00a0 \u00a0 \u00a0 \u00a0 \u00a0 \u00a0\u00a0<\/u><\/p>\n<p><strong>Veuillez joindre une courte biographie (250 mots maximum) de la personne pr\u00e9sent\u00e9e <\/strong>(dans les deux langues officielles si possible).<\/p>\n<p>Veuillez faire parvenir votre mise en candidature par courriel, <u>avant le 31 d\u00e9cembre 2024<\/u>, au bureau de la SHC \u00e0 <a href=\"mailto:mduquet@cha-shc.ca\">mduquet@cha-shc.ca<\/a> ou par la poste au bureau de la SHC ; 130, rue Albert, pi\u00e8ce 1912, Ottawa, ON K1P 5G4, ou par t\u00e9l\u00e9copie au 613 565-5445.<\/p>\n<p><img decoding=\"async\" class=\"alignleft wp-image-50140\" src=\"https:\/\/cha-shc.ca\/wp-content\/uploads\/2024\/08\/UQAM-Histoire-300x55.png\" alt=\"UQA\u0300M Histoire\" width=\"200\" height=\"36\" srcset=\"https:\/\/cha-shc.ca\/wp-content\/uploads\/2024\/08\/UQAM-Histoire-300x55.png 300w, https:\/\/cha-shc.ca\/wp-content\/uploads\/2024\/08\/UQAM-Histoire.png 500w\" sizes=\"(max-width: 200px) 100vw, 200px\" \/><\/p>\n<p>L\u2019\u00e9tudiante au doctorat en histoire <strong>Sandrine Labelle<\/strong> (M.A. histoire, 2022) a obtenu la m\u00e9daille acad\u00e9mique du Gouverneur g\u00e9n\u00e9ral pour l\u2019ann\u00e9e 2023. L\u2019une des distinctions les plus prestigieuses offertes dans les \u00e9tablissements d\u2019enseignement au Canada, cette r\u00e9compense honore annuellement des \u00e9tudiantes et \u00e9tudiants ayant obtenu la meilleure moyenne au terme de leurs \u00e9tudes dans une \u00e9cole secondaire, un coll\u00e8ge ou une universit\u00e9.<\/p>\n<p>Sandrine a r\u00e9alis\u00e9 son m\u00e9moire de ma\u00eetrise, intitul\u00e9 <em>\u00abAs International as Diapers\u00bb? Conflits et internationalisme f\u00e9ministe au Canada (1960-1971)<\/em>, sous la direction du professeur du D\u00e9partement d\u2019histoire Martin Petitclerc. Sa th\u00e8se doctorale, qu\u2019elle r\u00e9alise sous la direction de Martin Petitclerc et de sa coll\u00e8gue Genevi\u00e8ve Dorais, porte sur les rapports que la soci\u00e9t\u00e9 qu\u00e9b\u00e9coise a entretenus avec le Sud global durant le tournant n\u00e9olib\u00e9ral.\u00a0\u00abJe m\u2019int\u00e9resse notamment \u00e0 l\u2019histoire des investissements qu\u00e9b\u00e9cois en mati\u00e8re de d\u00e9veloppement international\u00bb, pr\u00e9cise l\u2019\u00e9tudiante, membre du Centre d\u2019histoire des r\u00e9gulations sociales et de l\u2019Institut de recherches en \u00e9tudes f\u00e9ministes. Ses recherches de ma\u00eetrise et de doctorat ont \u00e9t\u00e9 financ\u00e9es par le Fonds de recherche du Qu\u00e9bec \u2013 Soci\u00e9t\u00e9 et culture (FRQSC) et le Conseil de recherches en sciences humaines (CRSH).<\/p>\n<p class=\"title\"><img loading=\"lazy\" decoding=\"async\" class=\"alignleft wp-image-48755\" src=\"https:\/\/cha-shc.ca\/wp-content\/uploads\/2024\/04\/Laval-300x123.jpg\" alt=\"\" width=\"200\" height=\"82\" srcset=\"https:\/\/cha-shc.ca\/wp-content\/uploads\/2024\/04\/Laval-300x123.jpg 300w, https:\/\/cha-shc.ca\/wp-content\/uploads\/2024\/04\/Laval.jpg 350w\" sizes=\"(max-width: 200px) 100vw, 200px\" \/>Prix d&rsquo;excellence du d\u00e9partement d&rsquo;histoire: <strong>Alicia Khelifi<\/strong><br \/>\nDipl\u00f4m\u00e9e du baccalaur\u00e9at int\u00e9gr\u00e9 en sciences historiques et \u00e9tudes patrimoniales depuis la fin de l&rsquo;ann\u00e9e 2023, Alicia a re\u00e7u le Prix d&rsquo;excellence du d\u00e9partement des sciences historiques pour son bel accomplissement.\u00abCe parcours m&rsquo;a permis de me plonger dans la d\u00e9couverte du pass\u00e9 et dans les enjeux de sa sauvegarde pour demain. J&rsquo;en ressors avec des apprentissages qui me suivront toute ma vie, mais surtout, avec une grande passion pour le patrimoine b\u00e2ti et sa conservation. Cette bourse me permettra de me lancer dans la vie professionnelle, o\u00f9 je souhaite contribuer \u00e0 pr\u00e9server et \u00e0 diffuser notre pr\u00e9cieux patrimoine.\u00bb Nous lui souhaitons un bon succ\u00e8s dans sa carri\u00e8re professionnelle!<\/p>\n<p><img loading=\"lazy\" decoding=\"async\" class=\"alignleft wp-image-50146\" src=\"https:\/\/cha-shc.ca\/wp-content\/uploads\/2024\/08\/UQTR-1-300x138.png\" alt=\"UQTR\" width=\"200\" height=\"92\" srcset=\"https:\/\/cha-shc.ca\/wp-content\/uploads\/2024\/08\/UQTR-1-300x138.png 300w, https:\/\/cha-shc.ca\/wp-content\/uploads\/2024\/08\/UQTR-1.png 329w\" sizes=\"(max-width: 200px) 100vw, 200px\" \/><\/p>\n<p>Toutes nos f\u00e9licitations \u00e0 <strong>Alex Gagnon<\/strong> pour l&rsquo;obtention de la bourse de mobilit\u00e9 du CI\u00c9Q pour une communication pr\u00e9sent\u00e9e en juin 2024 lors de la r\u00e9union annuelle de la Soci\u00e9t\u00e9 historique du Canada : \u00ab De l\u2019\u00ab excursion de plaisir \u00bb au \u00ab voyage de p\u00e9ch\u00e9 \u00bb. Vie ferroviaire et observance du dimanche au Qu\u00e9bec au milieu du XIXe si\u00e8cle (1836-1886) \u00bb. Pour sa part, <strong>St\u00e9phanie Fardeau<\/strong> est r\u00e9cipiendaire de la bourse de r\u00e9daction du CI\u00c9Q pour un article accept\u00e9 par la Revue canadienne d\u2019histoire de la sant\u00e9 : \u00ab Technologies, professions de sant\u00e9 et r\u00e9formes publiques. Les projets professionnels des techniciens ambulanciers param\u00e9dics et des inhaloth\u00e9rapeutes au Qu\u00e9bec, 1990-2022\u00bb. Bravo pour ces distinctions!<\/p>\n<p><img loading=\"lazy\" decoding=\"async\" class=\"alignleft wp-image-50202 size-medium\" src=\"https:\/\/cha-shc.ca\/wp-content\/uploads\/2024\/09\/Decouvrez-Web-Banner_FR-300x54.jpg\" alt=\"Decouvrez Web Banner FR\" width=\"300\" height=\"54\" srcset=\"https:\/\/cha-shc.ca\/wp-content\/uploads\/2024\/09\/Decouvrez-Web-Banner_FR-300x54.jpg 300w, https:\/\/cha-shc.ca\/wp-content\/uploads\/2024\/09\/Decouvrez-Web-Banner_FR-1024x186.jpg 1024w, https:\/\/cha-shc.ca\/wp-content\/uploads\/2024\/09\/Decouvrez-Web-Banner_FR-768x140.jpg 768w, https:\/\/cha-shc.ca\/wp-content\/uploads\/2024\/09\/Decouvrez-Web-Banner_FR.jpg 1101w\" sizes=\"(max-width: 300px) 100vw, 300px\" \/><\/p>\n<p style=\"font-weight: 400;\"><strong>Lancement d\u2019une nouvelle s\u00e9rie de balados : <em>Voix d\u00e9voil\u00e9es<br \/>\n<\/em><\/strong>Biblioth\u00e8que et Archives Canada est ravi d\u2019annoncer le lancement d\u2019une nouvelle s\u00e9rie dans le cadre de son populaire balado <a href=\"https:\/\/bibliotheque-archives.canada.ca\/fra\/collection\/engagez-vous-apprenez\/balados\/Pages\/balados.aspx\">D\u00e9couvrez Biblioth\u00e8que et Archives Canada<\/a>. <strong><em>Voix d\u00e9voil\u00e9es<\/em><\/strong> s\u2019appuie sur de vastes collections d\u2019histoire orale m\u00e9connues de nos archives; elle vise \u00e0 amplifier les voix des communaut\u00e9s sous-repr\u00e9sent\u00e9es et marginalis\u00e9es. Cette s\u00e9rie novatrice comprendra plusieurs saisons, chacune explorant une vari\u00e9t\u00e9 de th\u00e8mes. Les auditeurs d\u00e9couvriront des histoires diverses et complexes qui ont longtemps contribu\u00e9 \u00e0 rassembler les citoyens, mais aussi \u00e0 les diviser. <strong><em>Voix d\u00e9voil\u00e9es<\/em><\/strong> met en lumi\u00e8re des r\u00e9cits d\u2019injustice, de conflit, de r\u00e9silience et de r\u00e9conciliation qui aident \u00e0 comprendre comment le pass\u00e9 d\u00e9finit fortement le pr\u00e9sent, tout en ouvrant de nouvelles perspectives pour envisager notre avenir collectif.<\/p>\n<p>Cet automne marque le cinqui\u00e8me anniversaire de la nomination de <strong>Leslie Weir<\/strong> au poste de biblioth\u00e9caire et archiviste du Canada. Elle est la premi\u00e8re femme \u00e0 occuper ce poste depuis la fusion de la Biblioth\u00e8que nationale du Canada et des Archives nationales du Canada pour former Biblioth\u00e8que et Archives Canada en 2004. La SHC se r\u00e9jouit de travailler avec Mme Weir et son \u00e9quipe.<\/p>\n<p><strong><img loading=\"lazy\" decoding=\"async\" class=\"alignleft wp-image-50224\" src=\"https:\/\/cha-shc.ca\/wp-content\/uploads\/2024\/09\/MEDAL_Tyrell-300x300.png\" alt=\"\" width=\"200\" height=\"200\" srcset=\"https:\/\/cha-shc.ca\/wp-content\/uploads\/2024\/09\/MEDAL_Tyrell-300x300.png 300w, https:\/\/cha-shc.ca\/wp-content\/uploads\/2024\/09\/MEDAL_Tyrell-1024x1024.png 1024w, https:\/\/cha-shc.ca\/wp-content\/uploads\/2024\/09\/MEDAL_Tyrell-150x150.png 150w, https:\/\/cha-shc.ca\/wp-content\/uploads\/2024\/09\/MEDAL_Tyrell-768x768.png 768w, https:\/\/cha-shc.ca\/wp-content\/uploads\/2024\/09\/MEDAL_Tyrell.png 1042w\" sizes=\"(max-width: 200px) 100vw, 200px\" \/><br \/>\nSteven High<\/strong>, de l&rsquo;Universit\u00e9 Concordia, a re\u00e7u la m\u00e9daille historique J.B.-Tyrrell de la Soci\u00e9t\u00e9 royale du Canada. L&rsquo;approche novatrice de M. High en mati\u00e8re d&rsquo;histoire orale et publique, en particulier en ce qui concerne l&rsquo;\u00e9tude de la violence structurelle de la d\u00e9sindustrialisation, lui a valu une r\u00e9putation mondiale d&rsquo;excellence en recherche historique. Ses recherches prim\u00e9es ont plac\u00e9 le Canada au centre d&rsquo;importantes conversations mondiales sur ce que pourrait \u00eatre une \u00ab transition juste \u00bb compte tenu des \u00e9checs du pass\u00e9. C&rsquo;est un chercheur tourn\u00e9 vers le public, qui s&rsquo;est engag\u00e9 depuis longtemps \u00e0 impliquer des publics plus larges.<\/p>\n<p>&nbsp;<\/p>\n<p><strong><img loading=\"lazy\" decoding=\"async\" class=\"alignleft wp-image-46143\" src=\"https:\/\/cha-shc.ca\/wp-content\/uploads\/2023\/09\/Royal-Society-of-Canada-Logo.png\" alt=\"\" width=\"200\" height=\"167\" \/><\/strong><\/p>\n<p>La Soci\u00e9t\u00e9 historique du Canada f\u00e9licite les coll\u00e8gues suivant.e.s qui ont \u00e9t\u00e9 \u00e9lu.e.s \u00e0 la Soci\u00e9t\u00e9 royale du Canada.<\/p>\n<p><strong>Catherine Carstairs<\/strong>\u00a0est chercheuse et historienne de renomm\u00e9e nationale et mondiale dont les travaux portent sur la sant\u00e9 et les in\u00e9galit\u00e9s. Ses travaux prim\u00e9s d\u00e9montrent comment le racisme, le colonialisme, l\u2019in\u00e9galit\u00e9 entre les genres, l\u2019\u00e2gisme et les classes\u00a0sociales ont fa\u00e7onn\u00e9 notre pass\u00e9 et cr\u00e9\u00e9 des in\u00e9galit\u00e9s en mati\u00e8re de sant\u00e9 aujourd\u2019hui. Gr\u00e2ce \u00e0 ses collaborations internationales et interdisciplinaires de longue date, ses recherches ont eu un impact majeur sur la discipline de l\u2019histoire et ont suscit\u00e9 un grand int\u00e9r\u00eat m\u00e9diatique.<\/p>\n<p><strong>Cynthia Comacchio<\/strong>, docteure en histoire,\u00a0<em>University of Guelph<\/em>, 1987, professeure \u00e9m\u00e9rite, Laurier, 2022. Elle est l\u2019auteure de\u00a0<em>Nations Are Built of Babies : Saving Ontario\u2019s Mothers and Babies, 1914-1945\u00a0<\/em>(1993) ;\u00a0<em>The Infinite Bonds of Family: Domesticity in English Canada, 1850-1940\u00a0<\/em>(1999) ;\u00a0<em>The Dominion of Youth: Adolescence and the Making of Modern Canada\u00a0<\/em>(2016), et\u00a0<em>Ring Around the Maple: A Socio-Cultural History of Children and Childhoods in Canada, 19th and 20th Centuries\u00a0<\/em>(2024), avec le regrett\u00e9 Neil Sutherland, UBC.<\/p>\n<p>L\u2019historien\u00a0<strong>Mark G. McGowan<\/strong>\u00a0est reconnu sur le plan international comme le principal expert de la migration et de l\u2019\u00e9tablissement des Irlandais au Canada. Sa m\u00e9thodologie de recherche originale et innovante a donn\u00e9 lieu \u00e0 des publications pionni\u00e8res sur la diaspora irlandaise dans le monde de l\u2019Atlantique Nord, les relations sectaires, l\u2019\u00e9ducation religieuse et les orphelins de la famine irlandaise. Ses recherches ont incit\u00e9 des diplomates, des chercheurs, des \u00e9ducateurs et des chefs religieux \u00e0 le solliciter en tant que conseiller, chercheur principal pour des projets sp\u00e9ciaux et collaborateur de recherche.<\/p>\n<p><strong>Jim Phillips<\/strong>, professeur de droit et d\u2019histoire \u00e0 la\u00a0<em>University of Toronto<\/em>, est une figure de proue dans le domaine de l\u2019histoire du droit au Canada. Il a \u00e9t\u00e9 un leader intellectuel dans l\u2019expansion de la recherche juridique au-del\u00e0 des limites de la doctrine traditionnelle. Ses travaux portent sur l\u2019histoire intellectuelle, les \u00e9tudes sociojuridiques, les \u00e9tudes de cas et l\u2019histoire juridique compar\u00e9e. Les recherches de Phillips ont fait de l\u2019histoire du droit un outil dynamique pour interroger le pass\u00e9, le pr\u00e9sent et l\u2019identit\u00e9 nationale du Canada.<\/p>\n<p><strong>Heidi Tworek<\/strong>\u00a0est titulaire de la chaire de recherche du Canada, professeure d\u2019histoire et de politique publique, et directrice du\u00a0<em>Centre for the Study of Democratic Institutions\u00a0<\/em>\u00e0 la\u00a0<em>University of British Columbia<\/em>, \u00e0 Vancouver. Auteure prim\u00e9e d\u2019un livre, de plus de 45 articles de revues scientifiques et chapitres de livres, Prof. Tworek m\u00e8ne des recherches sur l\u2019histoire et la politique des communications et des m\u00e9dias \u00e0 l\u2019\u00e9chelle mondiale. Elle est membre senior au\u00a0<em>Centre for International Governance Innovation<\/em>.<\/p>\n<p>&nbsp;<\/p>\n<p><strong>PUBLICATIONS R\u00c9CENTES<\/strong><\/p>\n<p><a href=\"https:\/\/www.septentrion.qc.ca\/catalogue\/revue-d-histoire-de-la-nouvelle-france-no-4\"><img loading=\"lazy\" decoding=\"async\" class=\"size-medium wp-image-50173\" src=\"https:\/\/cha-shc.ca\/wp-content\/uploads\/2024\/08\/NF-232x300.jpg\" alt=\"NF\" width=\"232\" height=\"300\" srcset=\"https:\/\/cha-shc.ca\/wp-content\/uploads\/2024\/08\/NF-232x300.jpg 232w, https:\/\/cha-shc.ca\/wp-content\/uploads\/2024\/08\/NF.jpg 695w\" sizes=\"(max-width: 232px) 100vw, 232px\" \/>\u00a0<\/a><a href=\"https:\/\/www.septentrion.qc.ca\/catalogue\/histoire-de-la-faculte-de-pharmacie-de-l-universite-laval\"><img loading=\"lazy\" decoding=\"async\" class=\"size-medium wp-image-50176\" style=\"font-style: inherit; font-weight: 600;\" src=\"https:\/\/cha-shc.ca\/wp-content\/uploads\/2024\/08\/Pharmacie-240x300.jpg\" alt=\"Pharmacie\" width=\"240\" height=\"300\" srcset=\"https:\/\/cha-shc.ca\/wp-content\/uploads\/2024\/08\/Pharmacie-240x300.jpg 240w, https:\/\/cha-shc.ca\/wp-content\/uploads\/2024\/08\/Pharmacie.jpg 355w\" sizes=\"(max-width: 240px) 100vw, 240px\" \/>\u00a0<\/a><a href=\"https:\/\/www.pulaval.com\/livres\/les-filles-d-aataentsic-histoires-de-vie-de-sept-generations\"><img loading=\"lazy\" decoding=\"async\" class=\"size-medium wp-image-50205\" style=\"font-style: inherit; font-weight: 600;\" src=\"https:\/\/cha-shc.ca\/wp-content\/uploads\/2024\/09\/Filles-200x300.jpg\" alt=\"Filles\" width=\"200\" height=\"300\" srcset=\"https:\/\/cha-shc.ca\/wp-content\/uploads\/2024\/09\/Filles-200x300.jpg 200w, https:\/\/cha-shc.ca\/wp-content\/uploads\/2024\/09\/Filles.jpg 580w\" sizes=\"(max-width: 200px) 100vw, 200px\" \/>\u00a0<\/a><a href=\"https:\/\/www.pulaval.com\/livres\/de-l-oral-a-l-ecrit-de-l-objet-a-l-image-expressions-de-la-reconnaissance-dans-les-francophonies-nord-americaines\"><img loading=\"lazy\" decoding=\"async\" class=\"size-medium wp-image-50208\" style=\"font-style: inherit; font-weight: 600;\" src=\"https:\/\/cha-shc.ca\/wp-content\/uploads\/2024\/09\/Oral-200x300.jpg\" alt=\"Oral\" width=\"200\" height=\"300\" srcset=\"https:\/\/cha-shc.ca\/wp-content\/uploads\/2024\/09\/Oral-200x300.jpg 200w, https:\/\/cha-shc.ca\/wp-content\/uploads\/2024\/09\/Oral.jpg 580w\" sizes=\"(max-width: 200px) 100vw, 200px\" \/><\/a><\/p>\n<p>&nbsp;<\/p>\n<p><strong>Laurent Veyssi\u00e8re<\/strong>,\u00a0<em>Revue d&rsquo;histoire de la Nouvelle-France<\/em>, No 4 &#8211; <a href=\"https:\/\/www.septentrion.qc.ca\/catalogue\/revue-d-histoire-de-la-nouvelle-france-no-4\">Esclave en Nouvelle-France<\/a>. Septentrion, 2024.<\/p>\n<p class=\"book-author\"><strong>Gilles Barbeau<\/strong>\u00a0et\u00a0<strong>Marthe Huot<\/strong>,\u00a0<em><a href=\"https:\/\/www.septentrion.qc.ca\/catalogue\/histoire-de-la-faculte-de-pharmacie-de-l-universite-laval\">Histoire de la Facult\u00e9 de pharmacie de l&rsquo;Universit\u00e9 Laval,<\/a> 1924-2024<\/em>. Septentrion, 2024.<\/p>\n<p><strong>Kathryn Magee Labelle<\/strong>\u00a0et\u00a0<strong>Linda R. Sioui<\/strong>, <a href=\"https:\/\/www.pulaval.com\/livres\/les-filles-d-aataentsic-histoires-de-vie-de-sept-generations\"><em>Les filles d\u2019Aataentsic : histoires de vie de sept g\u00e9n\u00e9rations<\/em><\/a>. PUL, 2024.<\/p>\n<p><strong>Jocelyne Mathieu<\/strong>, <a href=\"https:\/\/www.pulaval.com\/livres\/de-l-oral-a-l-ecrit-de-l-objet-a-l-image-expressions-de-la-reconnaissance-dans-les-francophonies-nord-americaines\"><em>De l\u2019oral \u00e0 l\u2019\u00e9crit, de l\u2019objet \u00e0 l\u2019image : expressions de la reconnaissance dans les francophonies nord-am\u00e9ricaines<\/em><\/a>. PUL, 2024.<\/p>\n<p>&nbsp;<\/p>\n<p>&nbsp;<\/p>\n","protected":false},"excerpt":{"rendered":"<p>PDF ACTUALIT\u00c9S Ayez votre mot \u00e0 dire dans l&rsquo;\u00e9lection de la direction de la SHC ! FORMULAIRE DE MISES EN CANDIDATURE Nous, ________________________________, __________________________________, membres en r\u00e8gle de la Soci\u00e9t\u00e9 historique du Canada, proposons la candidature de ________________________________ de\u00a0\u00a0 \u00a0\u00a0_________________________________________________________________________ (Fonction, titre, universit\u00e9 ou emploi, ville) pour : La vice-pr\u00e9sidence (sur le bulletin de vote [&hellip;]<\/p>\n","protected":false},"author":54,"featured_media":0,"parent":14581,"menu_order":2,"comment_status":"closed","ping_status":"closed","template":"","meta":{"_acf_changed":false,"_seopress_robots_primary_cat":"","_seopress_titles_title":"","_seopress_titles_desc":"","_seopress_robots_index":"","_exactmetrics_skip_tracking":false,"_exactmetrics_sitenote_active":false,"_exactmetrics_sitenote_note":"","_exactmetrics_sitenote_category":0,"site-sidebar-layout":"default","site-content-layout":"","ast-site-content-layout":"default","site-content-style":"default","site-sidebar-style":"default","ast-global-header-display":"","ast-banner-title-visibility":"","ast-main-header-display":"","ast-hfb-above-header-display":"","ast-hfb-below-header-display":"","ast-hfb-mobile-header-display":"","site-post-title":"","ast-breadcrumbs-content":"","ast-featured-img":"","footer-sml-layout":"","ast-disable-related-posts":"","theme-transparent-header-meta":"default","adv-header-id-meta":"","stick-header-meta":"","header-above-stick-meta":"","header-main-stick-meta":"","header-below-stick-meta":"","astra-migrate-meta-layouts":"set","ast-page-background-enabled":"default","ast-page-background-meta":{"desktop":{"background-color":"var(--ast-global-color-4)","background-image":"","background-repeat":"repeat","background-position":"center center","background-size":"auto","background-attachment":"scroll","background-type":"","background-media":"","overlay-type":"","overlay-color":"","overlay-opacity":"","overlay-gradient":""},"tablet":{"background-color":"","background-image":"","background-repeat":"repeat","background-position":"center center","background-size":"auto","background-attachment":"scroll","background-type":"","background-media":"","overlay-type":"","overlay-color":"","overlay-opacity":"","overlay-gradient":""},"mobile":{"background-color":"","background-image":"","background-repeat":"repeat","background-position":"center center","background-size":"auto","background-attachment":"scroll","background-type":"","background-media":"","overlay-type":"","overlay-color":"","overlay-opacity":"","overlay-gradient":""}},"ast-content-background-meta":{"desktop":{"background-color":"var(--ast-global-color-5)","background-image":"","background-repeat":"repeat","background-position":"center center","background-size":"auto","background-attachment":"scroll","background-type":"","background-media":"","overlay-type":"","overlay-color":"","overlay-opacity":"","overlay-gradient":""},"tablet":{"background-color":"var(--ast-global-color-5)","background-image":"","background-repeat":"repeat","background-position":"center center","background-size":"auto","background-attachment":"scroll","background-type":"","background-media":"","overlay-type":"","overlay-color":"","overlay-opacity":"","overlay-gradient":""},"mobile":{"background-color":"var(--ast-global-color-5)","background-image":"","background-repeat":"repeat","background-position":"center center","background-size":"auto","background-attachment":"scroll","background-type":"","background-media":"","overlay-type":"","overlay-color":"","overlay-opacity":"","overlay-gradient":""}},"footnotes":""},"page_template":[239],"class_list":["post-50074","page","type-page","status-publish","hentry","page_template-sidebar-fr"],"acf":[],"publishpress_future_action":{"enabled":false,"date":"2026-05-04 16:36:57","action":"change-status","newStatus":"draft","terms":[],"taxonomy":"page_template","extraData":[]},"publishpress_future_workflow_manual_trigger":{"enabledWorkflows":[]},"_links":{"self":[{"href":"https:\/\/cha-shc.ca\/fr\/wp-json\/wp\/v2\/pages\/50074","targetHints":{"allow":["GET"]}}],"collection":[{"href":"https:\/\/cha-shc.ca\/fr\/wp-json\/wp\/v2\/pages"}],"about":[{"href":"https:\/\/cha-shc.ca\/fr\/wp-json\/wp\/v2\/types\/page"}],"author":[{"embeddable":true,"href":"https:\/\/cha-shc.ca\/fr\/wp-json\/wp\/v2\/users\/54"}],"replies":[{"embeddable":true,"href":"https:\/\/cha-shc.ca\/fr\/wp-json\/wp\/v2\/comments?post=50074"}],"version-history":[{"count":10,"href":"https:\/\/cha-shc.ca\/fr\/wp-json\/wp\/v2\/pages\/50074\/revisions"}],"predecessor-version":[{"id":50398,"href":"https:\/\/cha-shc.ca\/fr\/wp-json\/wp\/v2\/pages\/50074\/revisions\/50398"}],"up":[{"embeddable":true,"href":"https:\/\/cha-shc.ca\/fr\/wp-json\/wp\/v2\/pages\/14581"}],"wp:attachment":[{"href":"https:\/\/cha-shc.ca\/fr\/wp-json\/wp\/v2\/media?parent=50074"}],"wp:term":[{"taxonomy":"page_template","embeddable":true,"href":"https:\/\/cha-shc.ca\/fr\/wp-json\/wp\/v2\/page_template?post=50074"}],"curies":[{"name":"wp","href":"https:\/\/api.w.org\/{rel}","templated":true}]}}